{"id":615,"date":"2024-10-07T17:59:28","date_gmt":"2024-10-07T17:59:28","guid":{"rendered":"https:\/\/ayto2.accesia.info\/?page_id=615"},"modified":"2025-09-30T09:57:54","modified_gmt":"2025-09-30T07:57:54","slug":"festes","status":"publish","type":"page","link":"https:\/\/quatretonda.es\/es\/el-municipi\/festes\/","title":{"rendered":"Fiestas"},"content":{"rendered":"<div class=\"wp-block-file\"><a id=\"wp-block-file--media-47ae14c9-f4eb-4956-9923-9359c254ed5a\" href=\"https:\/\/quatretonda.es\/wp-content\/uploads\/2025\/09\/NdP_-festes-mic-2025.docx\">NdP_ fiestas mic 2025<\/a><a href=\"https:\/\/quatretonda.es\/wp-content\/uploads\/2025\/09\/NdP_-festes-mic-2025.docx\" class=\"wp-block-file__button wp-element-button\" download aria-describedby=\"wp-block-file--media-47ae14c9-f4eb-4956-9923-9359c254ed5a\">Baja<\/a><\/div>\n\n\n\n<figure class=\"wp-block-image size-large\"><img loading=\"lazy\" decoding=\"async\" width=\"1024\" height=\"819\" src=\"https:\/\/quatretonda.es\/wp-content\/uploads\/2025\/09\/556104908_10233543588584202_4502687900429072845_n-1024x819.jpg\" alt=\"\" class=\"wp-image-2101\" srcset=\"https:\/\/quatretonda.es\/wp-content\/uploads\/2025\/09\/556104908_10233543588584202_4502687900429072845_n-1024x819.jpg 1024w, https:\/\/quatretonda.es\/wp-content\/uploads\/2025\/09\/556104908_10233543588584202_4502687900429072845_n-300x240.jpg 300w, https:\/\/quatretonda.es\/wp-content\/uploads\/2025\/09\/556104908_10233543588584202_4502687900429072845_n-768x614.jpg 768w, https:\/\/quatretonda.es\/wp-content\/uploads\/2025\/09\/556104908_10233543588584202_4502687900429072845_n-1536x1229.jpg 1536w, https:\/\/quatretonda.es\/wp-content\/uploads\/2025\/09\/556104908_10233543588584202_4502687900429072845_n-15x12.jpg 15w, https:\/\/quatretonda.es\/wp-content\/uploads\/2025\/09\/556104908_10233543588584202_4502687900429072845_n.jpg 2048w\" sizes=\"auto, (max-width: 1024px) 100vw, 1024px\" \/><\/figure>\n\n\n\n<figure class=\"wp-block-image size-full\"><img loading=\"lazy\" decoding=\"async\" width=\"205\" height=\"79\" src=\"https:\/\/quatretonda.es\/wp-content\/uploads\/2025\/09\/Captura.jpg\" alt=\"\" class=\"wp-image-2105\" srcset=\"https:\/\/quatretonda.es\/wp-content\/uploads\/2025\/09\/Captura.jpg 205w, https:\/\/quatretonda.es\/wp-content\/uploads\/2025\/09\/Captura-18x7.jpg 18w\" sizes=\"auto, (max-width: 205px) 100vw, 205px\" \/><\/figure>\n\n<!--themify_builder_content-->\n<div id=\"themify_builder_content-615\" data-postid=\"615\" class=\"themify_builder_content themify_builder_content-615 themify_builder tf_clear\">\n                    <div  data-lazy=\"1\" class=\"module_row themify_builder_row tb_g4i5222 tb_first tf_w\">\n            <span  class=\"builder_row_cover tf_abs\" data-lazy=\"1\"><\/span>            <div class=\"row_inner col_align_top tb_col_count_1 tf_box tf_rel\">\n                        <div  data-lazy=\"1\" class=\"module_column tb-column col-full tb_26r7224 first\">\n                    <!-- module text -->\n<div  class=\"module module-text tb_o844472\" data-lazy=\"1\">\n        <div  class=\"tb_text_wrap\">\n        <h1>Moros y Cristianos<\/h1>    <\/div>\n<\/div>\n<!-- \/module text -->        <\/div>\n                        <\/div>\n        <\/div>\n                        <div  data-lazy=\"1\" class=\"module_row themify_builder_row tb_jx89289 tf_w\">\n                        <div class=\"row_inner col_align_top tb_col_count_1 tf_box tf_rel\">\n                        <div  data-lazy=\"1\" class=\"module_column tb-column col-full tb_l8qd290 first\">\n                            <div  data-lazy=\"1\" class=\"module_subrow themify_builder_sub_row tf_w col_align_top tb_col_count_2 tb_s9z5858\">\n                <div  data-lazy=\"1\" class=\"module_column sub_column col4-2 tb_84lu859 first\">\n                    <!-- module text -->\n<div  class=\"module module-text tb_r6wy834\" data-lazy=\"1\">\n        <div  class=\"tb_text_wrap\">\n        <h3><span style=\"font-size: 1.4em; letter-spacing: 0.01em;\">SAN ANTONIO DEL CERDITO<\/span><\/h3>\n<div>\n<h4>17 ENERO<\/h4>\n<\/div>\n<p>Tradicional festividad valenciana, t\u00edpica de una sociedad de otras \u00e9pocas, poco mecanizada, y que ha ido perdiendo su peso. En estos \u00faltimos a\u00f1os se ha recuperado la tradici\u00f3n de bendecir a los animales, m\u00e1s de compa\u00f1\u00eda que de otra cosa, siempre trasladada al fin de semana m\u00e1s cercano.<\/p>    <\/div>\n<\/div>\n<!-- \/module text -->        <\/div>\n                    <div  data-lazy=\"1\" class=\"module_column sub_column col4-2 tb_hngj859 last\">\n                    <!-- module text -->\n<div  class=\"module module-text tb_whl6145\" data-lazy=\"1\">\n        <div  class=\"tb_text_wrap\">\n        <h2>LA CANDELERA<\/h2>\n<div>\n<h4>2 DE FEBRERO<\/h4>\n<\/div>\n<p>Tradicional festividad valenciana, t\u00edpica de una sociedad de otras \u00e9pocas, poco mecanizada, y que ha ido perdiendo su peso. En estos \u00faltimos a\u00f1os se ha recuperado la tradici\u00f3n de bendecir a los animales, m\u00e1s de compa\u00f1\u00eda que de otra cosa, siempre trasladada al fin de semana m\u00e1s cercano.<\/p>    <\/div>\n<\/div>\n<!-- \/module text -->        <\/div>\n                    <\/div>\n                <\/div>\n                        <\/div>\n        <\/div>\n                        <div  data-lazy=\"1\" class=\"module_row themify_builder_row tb_12oi718 tf_w\">\n                        <div class=\"row_inner col_align_top tb_col_count_1 tf_box tf_rel\">\n                        <div  data-lazy=\"1\" class=\"module_column tb-column col-full tb_j2de718 first\">\n                            <div  data-lazy=\"1\" class=\"module_subrow themify_builder_sub_row tf_w col_align_top tb_col_count_2 tb_fx0z718\">\n                <div  data-lazy=\"1\" class=\"module_column sub_column col4-2 tb_kh5e718 first\">\n                    <!-- module text -->\n<div  class=\"module module-text tb_8tus718\" data-lazy=\"1\">\n        <div  class=\"tb_text_wrap\">\n        <h2>SAN VICENTE FERRER<\/h2>\n<div>\n<h4>D\u00cdA DE LOS COMBREGARES<\/h4>\n<\/div>\n<p>Festividad movible, aunque no es de cariz local en Quatretonda, desde siempre, ha tenido su tipismo, desde la pl\u00e1tica en valenciano de la homil\u00eda por parte del p\u00e1rroco, a la tradicional procesi\u00f3n del santo por la calle San Vicente. Ya m\u00e1s modernamente se ha incrementado con la tradicional representaci\u00f3n teatral de un milagro vicentino por parte de los vecinos de la citada calle.<\/p>\n<p>Igualmente, como en muchas poblaciones valencianas, contin\u00faa celebr\u00e1ndose dicho d\u00eda los comulgares de los impedidos.<\/p>    <\/div>\n<\/div>\n<!-- \/module text -->        <\/div>\n                    <div  data-lazy=\"1\" class=\"module_column sub_column col4-2 tb_xq3u718 last\">\n                    <!-- module text -->\n<div  class=\"module module-text tb_cw4z718\" data-lazy=\"1\">\n        <div  class=\"tb_text_wrap\">\n        <h2>1 DE MAYO<\/h2>\n<p>Fiesta de car\u00e1cter nacional, en la que tradicionalmente aqu\u00ed se celebra el d\u00eda de las paellas, organizada por el PSOE en el paraje del atmeleral.<\/p>    <\/div>\n<\/div>\n<!-- \/module text -->        <\/div>\n                    <\/div>\n                <\/div>\n                        <\/div>\n        <\/div>\n                        <div  data-lazy=\"1\" class=\"module_row themify_builder_row tb_c8de167 tf_w\">\n                        <div class=\"row_inner col_align_top tb_col_count_1 tf_box tf_rel\">\n                        <div  data-lazy=\"1\" class=\"module_column tb-column col-full tb_kl8w167 first\">\n                            <div  data-lazy=\"1\" class=\"module_subrow themify_builder_sub_row tf_w col_align_top tb_col_count_2 tb_paie167\">\n                <div  data-lazy=\"1\" class=\"module_column sub_column col4-2 tb_49ob167 first\">\n                    <!-- module text -->\n<div  class=\"module module-text tb_npd3167\" data-lazy=\"1\">\n        <div  class=\"tb_text_wrap\">\n        <h2>FIESTA DE LA CALLE NUEVO<\/h2>\n<div>\n<h4>FIESTA DE LA DANZA<\/h4>\n<\/div>\n<p>El segundo domingo de mayo, y en honor de la Virgen de los Desamparados, se celebra la fiesta de la calle Nou, o de la Dans\u00e0, que durante muchos a\u00f1os ha sido uno de los pocos ejemplos de mantenimiento de este t\u00edpico baile popular.<\/p>\n<p>La danza empezaba al caer la tarde a lo largo del todo la calle Nou. Lo organizan festeros salidos entre los vecinos de la citada calle.<\/p>    <\/div>\n<\/div>\n<!-- \/module text -->        <\/div>\n                    <div  data-lazy=\"1\" class=\"module_column sub_column col4-2 tb_xq9t167 last\">\n                    <!-- module text -->\n<div  class=\"module module-text tb_395d167\" data-lazy=\"1\">\n        <div  class=\"tb_text_wrap\">\n        <h2>FESTIVIDAD DEL JES\u00daS DE PRAGA<\/h2>\n<p>Fiesta movible, de car\u00e1cter religioso, organizada por la Cofrad\u00eda del Jesuset de Praga, la m\u00e1s antigua de las actualmente activas, destacando la procesi\u00f3n en la que los ni\u00f1os llevan el tradicional gui\u00f3n con la imagen del Jesuset de Praga.<\/p>    <\/div>\n<\/div>\n<!-- \/module text -->        <\/div>\n                    <\/div>\n                <\/div>\n                        <\/div>\n        <\/div>\n                        <div  data-lazy=\"1\" class=\"module_row themify_builder_row tb_4uy4228 tf_w\">\n                        <div class=\"row_inner col_align_top tb_col_count_1 tf_box tf_rel\">\n                        <div  data-lazy=\"1\" class=\"module_column tb-column col-full tb_c5ea228 first\">\n                            <div  data-lazy=\"1\" class=\"module_subrow themify_builder_sub_row tf_w col_align_top tb_col_count_2 tb_zt0a228\">\n                <div  data-lazy=\"1\" class=\"module_column sub_column col4-2 tb_a9wo228 first\">\n                    <!-- module text -->\n<div  class=\"module module-text tb_vsg3228\" data-lazy=\"1\">\n        <div  class=\"tb_text_wrap\">\n        <h2>SAN PEDRO<\/h2>\n<h4><span style=\"font-size: 20.4096px;\">28 Y 29 DE JUNIO<\/span><\/h4>\n<p><br>En honor de dicho santo, 29 de junio, es la fiesta m\u00e1s t\u00edpica de la localidad, conocida por muchos comarcanos. Es una fiesta t\u00edpica de bueyes en la calle, ya que durante tres d\u00edas las vacas y bueyes corren sueltos por el pueblo, que se llena de barreras, de la ma\u00f1ana por la noche.<\/p>\n<p><span style=\"font-size: 17.008px;\">El d\u00eda 28, la v\u00edspera, se realiza el &quot;Entr\u00e0&quot;, en el que corren todos los animales a la vez. Son tres d\u00edas de bueyes, \u00faltimamente ampliados a cuatro.<\/span><\/p>    <\/div>\n<\/div>\n<!-- \/module text -->        <\/div>\n                    <div  data-lazy=\"1\" class=\"module_column sub_column col4-2 tb_dqvf228 last\">\n                    <!-- module text -->\n<div  class=\"module module-text tb_5cjb228\" data-lazy=\"1\">\n        <div  class=\"tb_text_wrap\">\n        <h2>SAN CRIST\u00d3FOLO. D\u00cdA DE LOS TRANSPORTISTAS<\/h2>\n<h4>10 DE JULIO<\/h4>\n<p>Organizada por la asociaci\u00f3n de transportistas del pueblo, y trasladada como tantas fiestas al fin de semana m\u00e1s cercano, consistente b\u00e1sicamente en cabalgata y cena de hermandad, adem\u00e1s de la misa de campa\u00f1a con la bendici\u00f3n de toda clase de veh\u00edculos.<\/p>    <\/div>\n<\/div>\n<!-- \/module text -->        <\/div>\n                    <\/div>\n                <\/div>\n                        <\/div>\n        <\/div>\n                        <div  data-lazy=\"1\" class=\"module_row themify_builder_row tb_m2fv9 tf_w\">\n                        <div class=\"row_inner col_align_top tb_col_count_1 tf_box tf_rel\">\n                        <div  data-lazy=\"1\" class=\"module_column tb-column col-full tb_e7v19 first\">\n                            <div  data-lazy=\"1\" class=\"module_subrow themify_builder_sub_row tf_w col_align_top tb_col_count_2 tb_2i439\">\n                <div  data-lazy=\"1\" class=\"module_column sub_column col4-2 tb_ld2e9 first\">\n                    <!-- module text -->\n<div  class=\"module module-text tb_rioa9\" data-lazy=\"1\">\n        <div  class=\"tb_text_wrap\">\n        <h2>LOS SANTETES DE LA PIEDRA, FIESTA DE LA COOPERATIVA<\/h2>\n<h4>30 DE JULIO<\/h4>\n<p>Aunque en las \u00faltimas d\u00e9cadas ha deca\u00eddo mucho esta festividad, tan celebrada antes en todas las tierras valencianas, la Cooperativa Vin\u00edcola de Quatretonda.<\/p>\n<p>bajo la advocaci\u00f3n de estos patrones, organiza la festividad, consistente b\u00e1sicamente en una cena popular con orquesta, el d\u00eda de la v\u00edspera, donde reparten el vino, la ensalada y el cacao y altramuz.<\/p>\n<p>El d\u00eda de la festividad misa, picadita de honor y la tradicional partida de pelota.<\/p>    <\/div>\n<\/div>\n<!-- \/module text -->        <\/div>\n                    <div  data-lazy=\"1\" class=\"module_column sub_column col4-2 tb_tzeh9 last\">\n                    <!-- module text -->\n<div  class=\"module module-text tb_g7qc9\" data-lazy=\"1\">\n        <div  class=\"tb_text_wrap\">\n        <h2>LA FIRITA<\/h2>\n<h4>2 DE AGOSTO<\/h4>\n<p>Fiesta t\u00edpica de los m\u00e1s peque\u00f1os, en la que durante una tarde-noche ven llenarse el pueblo de barraquitas de juguetes. Se celebra desde tiempos muy antiguos, dentro de un recorrido t\u00edpico que comprende Benig\u00e0nim, d\u00eda 1, Quatretonda, d\u00eda 2, y Sant Domingo, d\u00edas 3 y 4.<\/p>\n<p>Quiz\u00e1s que el nombre de feria resultara por comparaci\u00f3n con la tradicional y principal feria de X\u00e0tiva, de gran importancia para el pueblo desde siempre.<\/p>    <\/div>\n<\/div>\n<!-- \/module text -->        <\/div>\n                    <\/div>\n                <\/div>\n                        <\/div>\n        <\/div>\n                        <div  data-lazy=\"1\" class=\"module_row themify_builder_row tb_4heo301 tf_w\">\n                        <div class=\"row_inner col_align_top tb_col_count_1 tf_box tf_rel\">\n                        <div  data-lazy=\"1\" class=\"module_column tb-column col-full tb_bcmb301 first\">\n                            <div  data-lazy=\"1\" class=\"module_subrow themify_builder_sub_row tf_w col_align_top tb_col_count_2 tb_9e65301\">\n                <div  data-lazy=\"1\" class=\"module_column sub_column col4-2 tb_konu301 first\">\n                    <!-- module text -->\n<div  class=\"module module-text tb_x8nr301\" data-lazy=\"1\">\n        <div  class=\"tb_text_wrap\">\n        <h2>FIESTAS PATRONALES<\/h2>\n<h4>PRIMEROS DE SEPTIEMBRE<\/h4>\n<p>En honor a los patronos, Virgen del Rosario, Divina Aurora, San Jos\u00e9 y Cristo de la Fe. Son como la gran mayor\u00eda de las fiestas patronales que se celebran en nuestras tierras, organizadas por los chicos y chicas solteras y el ayuntamiento.<\/p>\n<p>Con la tradicional publicaci\u00f3n del programa o libro de fiestas, procesiones, misas, orquestas y espect\u00e1culos de variedades etc.<\/p>    <\/div>\n<\/div>\n<!-- \/module text -->        <\/div>\n                    <div  data-lazy=\"1\" class=\"module_column sub_column col4-2 tb_pnkc301 last\">\n                    <!-- module text -->\n<div  class=\"module module-text tb_e0uu301\" data-lazy=\"1\">\n        <div  class=\"tb_text_wrap\">\n        <h2>\u00daLTIMO D\u00cdA FIESTAS PATRONALES, D\u00cdA DE LOS JUBILADOS<\/h2>\n<p>La importancia que ha tomado en los \u00faltimos a\u00f1os este colector. lectivo, tan importante en la vida de cualquier comunidad, ha desembocado aqu\u00ed en la organizaci\u00f3n de un d\u00eda festivo a su cargo, consistente b\u00e1sicamente en la organizaci\u00f3n de una velada musical y gastron\u00f3mica, despu\u00e9s de la misa matutina.<\/p>    <\/div>\n<\/div>\n<!-- \/module text -->        <\/div>\n                    <\/div>\n                <\/div>\n                        <\/div>\n        <\/div>\n                        <div  data-lazy=\"1\" class=\"module_row themify_builder_row tb_2ues86 tf_w\">\n                        <div class=\"row_inner col_align_top tb_col_count_1 tf_box tf_rel\">\n                        <div  data-lazy=\"1\" class=\"module_column tb-column col-full tb_3b3e86 first\">\n                            <div  data-lazy=\"1\" class=\"module_subrow themify_builder_sub_row tf_w col_align_top tb_col_count_2 tb_zjtv86\">\n                <div  data-lazy=\"1\" class=\"module_column sub_column col4-2 tb_9rhy86 first\">\n                    <!-- module text -->\n<div  class=\"module module-text tb_t1iz86\" data-lazy=\"1\">\n        <div  class=\"tb_text_wrap\">\n        <h2>D\u00cdA DE LA VILLA<\/h2>\n<h4>21 DE OCTUBRE<\/h4>\n<p>Festividad de car\u00e1cter m\u00e1s popular y cultural que no oficial, no en vano se conmemora la consecuci\u00f3n del t\u00edtulo de villa por parte del hasta entonces lugar de Quatretonda, un 21 de octubre de 1587.<\/p>\n<p>Un t\u00edtulo que significaba la existencia como pueblo independiente de Quatretonda, jur\u00eddica y territorialmente.<\/p>    <\/div>\n<\/div>\n<!-- \/module text -->        <\/div>\n                    <div  data-lazy=\"1\" class=\"module_column sub_column col4-2 tb_uffi86 last\">\n                    <!-- module text -->\n<div  class=\"module module-text tb_o7ke86\" data-lazy=\"1\">\n        <div  class=\"tb_text_wrap\">\n        <h2>SANT MART\u00cd<\/h2>\n<h4>11 DE NOVIEMBRE<\/h4>\n<p>Festividad local de gran tradici\u00f3n, muy ligada sentimentalmente al pueblo, entre otras cosas, porque la celebran tradicionalmente y de forma mayoritaria los ni\u00f1os, que ese d\u00eda no van a la escuela, sino de romer\u00eda a la ermita de Sant Mart\u00ed, separada unos tres kil\u00f3metros del pueblo, donde despu\u00e9s de misa recibir\u00e1n el tradicional capuchillo de caramelos; despu\u00e9s la t\u00edpica hogaza.<\/p>\n<p>Antiguamente acud\u00edan vecinos de los pueblos de los alrededores, como La Pobla del Duc y Benig\u00e0nim. En los a\u00f1os en que cae en fin de semana, la afluencia de gente es muy numerosa.<\/p>    <\/div>\n<\/div>\n<!-- \/module text -->        <\/div>\n                    <\/div>\n                <\/div>\n                        <\/div>\n        <\/div>\n                        <div  data-lazy=\"1\" class=\"module_row themify_builder_row tb_75fd97 tf_w\">\n                        <div class=\"row_inner col_align_top tb_col_count_1 tf_box tf_rel\">\n                        <div  data-lazy=\"1\" class=\"module_column tb-column col-full tb_ce0w97 first\">\n                            <div  data-lazy=\"1\" class=\"module_subrow themify_builder_sub_row tf_w col_align_top tb_col_count_1 tb_tj0497\">\n                <div  data-lazy=\"1\" class=\"module_column sub_column col-full tb_df1x97 first\">\n                    <!-- module text -->\n<div  class=\"module module-text tb_p0i597\" data-lazy=\"1\">\n        <div  class=\"tb_text_wrap\">\n        <h2>OTROS DIAS Y ACTIVIDADES L\u00daDICO-FESTIVAS<\/h2>\n<p>El d\u00eda de los farolillos Durante las fiestas patronales, organizado por el CC Dorresment. Los m\u00e1s peque\u00f1os recorren el pueblo con sus crisoles de mel\u00f3n, hay premios y regalos.<\/p>\n<p>El d\u00eda de la bicicleta. Memorial Juan Mahiques. Durante la semana en la que se celebra el d\u00eda de la villa. Esa madrugada las bicicletas recorren las calles de la poblaci\u00f3n al son de los silbidos. Luego almuerzo popular. Organizado por el programa de Animaci\u00f3n Cultural del Ayuntamiento. D\u00eda del \u00c1rbol. D\u00eda tradicional de la Comunitat, en el que se hace una salida a un punto determinado de la Serra para plantar varias especies aut\u00f3ctonas, que previamente se habr\u00e1n repartido. Luego almuerzo popular. Organizado por el programa de Animaci\u00f3n Cultural del Ayuntamiento.<\/p>    <\/div>\n<\/div>\n<!-- \/module text -->        <\/div>\n                    <\/div>\n                <\/div>\n                        <\/div>\n        <\/div>\n        <\/div>\n<!--\/themify_builder_content-->\n\n\n<p><\/p>","protected":false},"excerpt":{"rendered":"","protected":false},"author":1,"featured_media":0,"parent":617,"menu_order":0,"comment_status":"closed","ping_status":"closed","template":"","meta":{"footnotes":""},"class_list":["post-615","page","type-page","status-publish","hentry","has-post-title","has-post-date","has-post-category","has-post-tag","has-post-comment","has-post-author",""],"builder_content":"<h1>Moros i Cristians<\/h1>\n<h3>SANT ANTONI DEL PORQUET<\/h3>\n<h4>17 GENER<\/h4>\n<p>Tradicional festivitat valenciana, t\u00edpica d'una societat d'altres \u00e8poques, poc mecanitzada, i que ha anat perdent el seu pes. Aquests darrers anys s'ha recuperat la tradici\u00f3 de beneir els animals, m\u00e9s de companyia que d'altra cosa, sempre traslladada al cap de setmana m\u00e9s proper.<\/p>\n<h2>LA CANDELERA<\/h2>\n<h4>2 DE FEBRER<\/h4>\n<p>Tradicional festivitat valenciana, t\u00edpica d'una societat d'altres \u00e8poques, poc mecanitzada, i que ha anat perdent el seu pes. Aquests darrers anys s'ha recuperat la tradici\u00f3 de beneir els animals, m\u00e9s de companyia que d'altra cosa, sempre traslladada al cap de setmana m\u00e9s proper.<\/p>\n<h2>SANT VICENT FERRER<\/h2>\n<h4>DIA DELS COMBREGARS<\/h4>\n<p>Festivitat movible, tot i que no \u00e9s de caire local a Quatretonda, des de sempre, ha tingut el seu tipisme, des de la pl\u00e0tica en valenci\u00e0 de l'homilia per part del rector, a la tradicional process\u00f3 del sant pel carrer Sant Vicent. Ja m\u00e9s modernament s'ha incrementat amb la tradicional representaci\u00f3 teatral d'un miracle vicent\u00ed per part dels ve\u00efns de l'esmentat carrer.<\/p> <p>Igualment, com en moltes poblacions valencianes, continua celebrant-se dit dia els combregars dels impedits.<\/p>\n<h2>1 DE MAIG<\/h2> <p>Festa de car\u00e0cter nacional, en qu\u00e8 tradicionalment ac\u00ed se celebra el dia de les paelles, organitzada pel PSOE en el paratge de l'atmeleral.<\/p>\n<h2>FESTA DEL CARRER NOU<\/h2>\n<h4>FESTA DE LA DANS\u00c0<\/h4>\n<p>El segon diumenge de maig, i en honor de la Mare de D\u00e9u dels Desemparats, se celebra la festa del carrer Nou, o de la Dans\u00e0, que durant molts anys ha segut un dels pocs exemples de manteniment d'aquest t\u00edpic ball popular.<\/p> <p>La dan\u00e7\u00e0 comen\u00e7ava en caure la vesprada al llarg del tot el carrer Nou. L'organitzen festers eixits entre els ve\u00efns de l'esmentat carrer.<\/p>\n<h2>FESTIVITAT DEL JESUSET DE PRAGA<\/h2> <p>Festa movible, de car\u00e0cter religi\u00f3s, organitzada per la Confraria del Jesuset de Praga, la m\u00e9s antiga de les actualment actives, destacant la process\u00f3 on els xiquets porten el tradicional guionet amb la imatge del Jesuset de Praga.<\/p>\n<h2>SANT PERE<\/h2> <h4>28 I 29 DE JUNY<\/h4> <p><br>En honor de dit sant, 29 de juny, \u00e9s la festa m\u00e9s t\u00edpica de la localitat, coneguda per molts comarcans. \u00c9s una festa t\u00edpica de bous al carrer, ja que durant tres dies les vaques i bous corren solts pel poble, que s'omple de barreres, del mat\u00ed a la nit.<\/p> <p>El dia 28, la vespra, s'hi realitza l'\"Entr\u00e0\", en qu\u00e8 corren tots els animals a la vegada. S\u00f3n tres dies de bous, darrerament ampliats a quatre.<\/p>\n<h2>SANT CRIST\u00d2FOL. DIA DELS TRANSPORTISTES<\/h2> <h4>10 DE JULIOL<\/h4> <p>Organitzada per l'associaci\u00f3 de transportistes del poble, i traslladada com tantes festes al cap de setmana m\u00e9s proper, consistent b\u00e0sicament en cavalcada i sopar de germanor, a m\u00e9s de la missa de campanya amb la benedicci\u00f3 de tota classe de vehicles.<\/p>\n<h2>ELS SANTETS DE LA PEDRA, FESTA DE LA COOPERATIVA<\/h2> <h4>30 DE JULIOL<\/h4> <p>Tot i que les darreres d\u00e8cades ha decaigut molt aquesta festivitat, tan celebrada abans arreu de les terres valencianes, la Cooperativa Vin\u00edcola de Quatretonda.<\/p> <p>sota l'advocaci\u00f3 d'aquests patrons, organitza la festivitat, consistent b\u00e0sicament en un sopar popular amb orquestra, el dia de la vespra, on reparteixen el vi, l'amanida i el cacau i tram\u00fas.<\/p> <p>El dia de la festivitat missa, picadeta d'honor i la tradicional partida de pilota.<\/p>\n<h2>LA FIRETA<\/h2> <h4>2 D'AGOST<\/h4> <p>Festa t\u00edpica dels m\u00e9s menuts, en qu\u00e8 durant una vesprada-nit veuen omplir-se el poble de barraquetes de joguets. Se celebra des de temps molt antics, dins d'un recorregut t\u00edpic que compren Benig\u00e0nim, dia 1, Quatretonda, dia 2, i Sant Domingo, dies 3 i 4.<\/p> <p>Potser que el nom de fireta resultara per comparaci\u00f3 amb la tradicional i principal fira de X\u00e0tiva, de gran import\u00e0ncia per al poble des de sempre.<\/p>\n<h2>FESTES PATRONALS<\/h2> <h4>PRIMERS DE SETEMBRE<\/h4> <p>En honor als patrons, Mare de D\u00e9u del Roser, Divina Aurora, Sant Josep i Crist de la Fe. S\u00f3n com la gran majoria de les festes patronals que se celebren arreu de les nostres terres, organitzades pels xics i xiques fadrines i l'ajuntament.<\/p> <p>Amb la tradicional publicaci\u00f3 del programa o llibre de festes, les processons, misses, orquestres i espectacles de varietats etc.<\/p>\n<h2>DARRER DIA FESTES PATRONALS, DIA DELS JUBILATS<\/h2> <p>La import\u00e0ncia que ha pres els darrers anys aquest col. lectiu, tan important en la vida de qualsevol comunitat, ha desembocat ac\u00ed en l'organitzaci\u00f3 d'una diada festiva al seu c\u00e0rrec, consistent b\u00e0sicament en l'organitzaci\u00f3 d'una vetlada musical i gastron\u00f2mica, despr\u00e9s de la missa matutina.<\/p>\n<h2>DIA DE LA VILA<\/h2> <h4>21 D'OCTUBRE<\/h4> <p>Festivitat de caire m\u00e9s popular i cultural que no oficial, no debades s'hi commemora la consecuci\u00f3 del t\u00edtol de vila per part del fins aleshores lloc de Quatretonda, un 21 d'octubre de 1587.<\/p> <p>Un t\u00edtol que significava l'exist\u00e8ncia com a poble independent de Quatretonda, jur\u00eddicament i territorialment.<\/p>\n<h2>SANT MART\u00cd<\/h2> <h4>11 DE NOVEMBRE<\/h4> <p>Festivitat local de gran tradici\u00f3, molt lligada sentimentalment al poble, entre d'altres coses, perqu\u00e8 la celebren tradicionalment i de forma majorit\u00e0ria els xiquets, que eixe dia no van a escola, sin\u00f3 de romeria a l'ermita de Sant Mart\u00ed, separada uns tres quil\u00f2metres del poble, on despr\u00e9s de missa rebran el tradicional caputxet de caramels; despr\u00e9s la t\u00edpica fogassa.<\/p> <p>Antigament acudien ve\u00efns dels pobles dels voltants, com la Pobla del Duc i Benig\u00e0nim. Els anys en qu\u00e8 cau en cap de setmana, l'aflu\u00e8ncia de gent \u00e9s molt nombrosa.<\/p>\n<h2>ALTRES DIES I ACTIVITATS L\u00daDICO-FESTIVES<\/h2> <p>El dia dels fanalets Durant les festes patronals, organitzat pel C.C. Dorresment. Els m\u00e9s menuts recorren el poble amb els seus cresols de mel\u00f3, hi ha premis i regals.<\/p> <p>El dia de la bicicleta. Memorial Juan Mahiques. Durant la setmana en qu\u00e8 se celebra el dia de la vila. Eixa matinada les bicicletes recorren els carrers de la poblaci\u00f3 al so dels xiulets. Despr\u00e9s esmorzar popular. Organitzat pel programa d'Animaci\u00f3 Cultural de l'Ajuntament. Dia de l'Arbre. Dia tradicional de la Comunitat, en qu\u00e8 es fa una eixida a un punt determinat de la Serra per plantar diverses esp\u00e8cies aut\u00f2ctones, que pr\u00e8viament s'hauran repartit. Despr\u00e9s dinar popular. Organitzat pel programa d'Animaci\u00f3 Cultural de l'Ajuntament.<\/p>","_links":{"self":[{"href":"https:\/\/quatretonda.es\/es\/wp-json\/wp\/v2\/pages\/615","targetHints":{"allow":["GET"]}}],"collection":[{"href":"https:\/\/quatretonda.es\/es\/wp-json\/wp\/v2\/pages"}],"about":[{"href":"https:\/\/quatretonda.es\/es\/wp-json\/wp\/v2\/types\/page"}],"author":[{"embeddable":true,"href":"https:\/\/quatretonda.es\/es\/wp-json\/wp\/v2\/users\/1"}],"replies":[{"embeddable":true,"href":"https:\/\/quatretonda.es\/es\/wp-json\/wp\/v2\/comments?post=615"}],"version-history":[{"count":21,"href":"https:\/\/quatretonda.es\/es\/wp-json\/wp\/v2\/pages\/615\/revisions"}],"predecessor-version":[{"id":2107,"href":"https:\/\/quatretonda.es\/es\/wp-json\/wp\/v2\/pages\/615\/revisions\/2107"}],"up":[{"embeddable":true,"href":"https:\/\/quatretonda.es\/es\/wp-json\/wp\/v2\/pages\/617"}],"wp:attachment":[{"href":"https:\/\/quatretonda.es\/es\/wp-json\/wp\/v2\/media?parent=615"}],"curies":[{"name":"wp","href":"https:\/\/api.w.org\/{rel}","templated":true}]}}