{"id":763,"date":"2024-10-08T02:21:03","date_gmt":"2024-10-08T02:21:03","guid":{"rendered":"https:\/\/ayto2.accesia.info\/?page_id=763"},"modified":"2024-11-19T16:40:37","modified_gmt":"2024-11-19T16:40:37","slug":"educacio","status":"publish","type":"page","link":"https:\/\/quatretonda.es\/es\/directoris\/educacio\/","title":{"rendered":"Educaci\u00f3n"},"content":{"rendered":"<!--themify_builder_content-->\n<div id=\"themify_builder_content-763\" data-postid=\"763\" class=\"themify_builder_content themify_builder_content-763 themify_builder tf_clear\">\n                    <div  data-lazy=\"1\" class=\"module_row themify_builder_row tb_g4i5222 tb_first tf_w\">\n            <span  class=\"builder_row_cover tf_abs\" data-lazy=\"1\"><\/span>            <div class=\"row_inner col_align_top tb_col_count_1 tf_box tf_rel\">\n                        <div  data-lazy=\"1\" class=\"module_column tb-column col-full tb_26r7224 first\">\n                    <!-- module text -->\n<div  class=\"module module-text tb_o844472\" data-lazy=\"1\">\n        <div  class=\"tb_text_wrap\">\n        <h1>Educaci\u00f3n<\/h1>    <\/div>\n<\/div>\n<!-- \/module text -->        <\/div>\n                        <\/div>\n        <\/div>\n                        <div  data-lazy=\"1\" class=\"module_row themify_builder_row tb_jx89289 tf_w\">\n                        <div class=\"row_inner col_align_top tb_col_count_1 tf_box tf_rel\">\n                        <div  data-lazy=\"1\" class=\"module_column tb-column col-full tb_l8qd290 first\">\n                            <div  data-lazy=\"1\" class=\"module_subrow themify_builder_sub_row tf_w col_align_top tb_col_count_2 tb_s9z5858\">\n                <div  data-lazy=\"1\" class=\"module_column sub_column col4-2 tb_84lu859 first\">\n                    <!-- module text -->\n<div  class=\"module module-text tb_whl6145\" data-lazy=\"1\">\n        <div  class=\"tb_text_wrap\">\n        <h3>IES Les Foies<\/h3>\n<p>Es un <strong>centro de educaci\u00f3n secundaria<\/strong> comprometido con la formaci\u00f3n integral de sus estudiantes, prepar\u00e1ndolos para afrontar los retos acad\u00e9micos, personales y profesionales del futuro. En el IES Les Foies, entendemos que educar en la <strong>creatividad<\/strong> significa formar a personas sin miedo a equivocarse, con la capacidad de ver la realidad desde perspectivas diferentes y aportar respuestas innovadoras. Para conseguirlo, nuestro proyecto educativo se basa en la <strong>reflexi\u00f3n<\/strong>, el<strong>esfuerzo<\/strong> y el trabajo colaborativo entre profesorado, estudiantes y familias.<\/p>    <\/div>\n<\/div>\n<!-- \/module text --><!-- module buttons -->\n<div  class=\"module module-buttons tb_gr8u356 buttons-horizontal solid  large rounded buttons-fullwidth\" data-lazy=\"1\">\n        <div class=\"module-buttons-item tf_in_flx\">\n                        <a href=\"https:\/\/ieslesfoies.org\/\" class=\"ui builder_button tf_in_flx black\" target=\"_blank\" rel=\"noopener\" id=\"Boton1\">\n                                    <em><svg  class=\"tf_fa tf-ti-world\" aria-hidden=\"true\"><use href=\"#tf-ti-world\"><\/use><\/svg><\/em>                                        Web del centro                                        <\/a>\n                <\/div>\n            <\/div>\n<!-- \/module buttons -->\n        <\/div>\n                    <div  data-lazy=\"1\" class=\"module_column sub_column col4-2 tb_hngj859 last\">\n                    <!-- module image -->\n<div  class=\"module module-image tb_7puj321 image-top rounded drop-shadow  tf_mw\" data-lazy=\"1\">\n        <div class=\"image-wrap tf_rel tf_mw\">\n            <img loading=\"lazy\" decoding=\"async\" src=\"https:\/\/quatretonda.es\/wp-content\/uploads\/2024\/10\/Ies-les-Foies-1024x475-507x375.jpg\" width=\"507\" height=\"375\" class=\"wp-post-image wp-image-765\" title=\"Yes las Hoyas\" alt=\"Ies les Foies\">    \n        <\/div>\n    <!-- \/image-wrap -->\n    \n        <\/div>\n<!-- \/module image -->        <\/div>\n                    <\/div>\n                <\/div>\n                        <\/div>\n        <\/div>\n                        <div  data-lazy=\"1\" class=\"module_row themify_builder_row tb_fw81380 tf_w\">\n                        <div class=\"row_inner col_align_top tb_col_count_1 tf_box tf_rel\">\n                        <div  data-lazy=\"1\" class=\"module_column tb-column col-full tb_7vkn382 first\">\n                            <div  data-lazy=\"1\" class=\"module_subrow themify_builder_sub_row tf_w col_align_top tb_col_count_2 tb_y9x0387\">\n                <div  data-lazy=\"1\" class=\"module_column sub_column col4-2 tb_sbpe388 first\">\n                    <!-- module text -->\n<div  class=\"module module-text tb_yflt708\" data-lazy=\"1\">\n        <div  class=\"tb_text_wrap\">\n        <h3>Escuela de Adultos<\/h3>\n<p>Un centro formativo abierto a todas las personas que quieran continuar su formaci\u00f3n, adquirir nuevos conocimientos y mejorar sus habilidades, ofreciendo una segunda oportunidad educativa en un ambiente inclusivo y acogedor.<\/p>    <\/div>\n<\/div>\n<!-- \/module text --><!-- module buttons -->\n<div  class=\"module module-buttons tb_4p0h635 buttons-horizontal solid  large rounded buttons-fullwidth\" data-lazy=\"1\">\n        <div class=\"module-buttons-item tf_in_flx\">\n                        <a href=\"https:\/\/www.facebook.com\/formaciopersones.adultesquatretonda\" class=\"ui builder_button tf_in_flx black\" target=\"_blank\" rel=\"noopener\" id=\"Boton1\">\n                                    <em><svg  class=\"tf_fa tf-ti-facebook\" aria-hidden=\"true\"><use href=\"#tf-ti-facebook\"><\/use><\/svg><\/em>                                        Facebook de la escuela de adultos                                        <\/a>\n                <\/div>\n            <\/div>\n<!-- \/module buttons -->\n        <\/div>\n                    <div  data-lazy=\"1\" class=\"module_column sub_column col4-2 tb_gwu0388 last\">\n                    <!-- module image -->\n<div  class=\"module module-image tb_78q9708 image-top rounded drop-shadow  tf_mw\" data-lazy=\"1\">\n        <div class=\"image-wrap tf_rel tf_mw\">\n            <img loading=\"lazy\" decoding=\"async\" src=\"https:\/\/quatretonda.es\/wp-content\/uploads\/2024\/10\/437865099_849390490331143_7860234080347412806_n-554x337.jpg\" width=\"554\" height=\"337\" class=\"wp-post-image wp-image-768\" title=\"437865099_849390490331143_7860234080347412806_n\" alt=\"437865099_849390490331143_7860234080347412806_n\">    \n        <\/div>\n    <!-- \/image-wrap -->\n    \n        <\/div>\n<!-- \/module image -->        <\/div>\n                    <\/div>\n                <\/div>\n                        <\/div>\n        <\/div>\n                        <div  data-lazy=\"1\" class=\"module_row themify_builder_row tb_mrsq708 tf_w\">\n                        <div class=\"row_inner col_align_top tb_col_count_1 tf_box tf_rel\">\n                        <div  data-lazy=\"1\" class=\"module_column tb-column col-full tb_jk6z708 first\">\n                            <div  data-lazy=\"1\" class=\"module_subrow themify_builder_sub_row tf_w col_align_top tb_col_count_2 tb_yaef708\">\n                <div  data-lazy=\"1\" class=\"module_column sub_column col4-2 tb_upjs708 first\">\n                    <!-- module text -->\n<div  class=\"module module-text tb_zzct773\" data-lazy=\"1\">\n        <div  class=\"tb_text_wrap\">\n        <h3>Escuela Municipal de Educaci\u00f3n Infantil<\/h3>\n<p>Un espacio dedicado a los m\u00e1s peque\u00f1os, donde el aprendizaje y la diversi\u00f3n se combinan para potenciar su desarrollo emocional, social y cognitivo desde sus primeros a\u00f1os de vida.<\/p>    <\/div>\n<\/div>\n<!-- \/module text --><!-- module buttons -->\n<div  class=\"module module-buttons tb_o2a8134 buttons-horizontal solid  large rounded buttons-fullwidth\" data-lazy=\"1\">\n        <div class=\"module-buttons-item tf_in_flx\">\n                        <a href=\"http:\/\/mestreacasa.gva.es\/web\/4602755300\" class=\"ui builder_button tf_in_flx black\" target=\"_blank\" rel=\"noopener\" id=\"Boton1\">\n                                    <em><svg  class=\"tf_fa tf-ti-world\" aria-hidden=\"true\"><use href=\"#tf-ti-world\"><\/use><\/svg><\/em>                                        Web maestro en casa                                        <\/a>\n                <\/div>\n            <\/div>\n<!-- \/module buttons -->\n        <\/div>\n                    <div  data-lazy=\"1\" class=\"module_column sub_column col4-2 tb_xgnw708 last\">\n                    <!-- module image -->\n<div  class=\"module module-image tb_0ya5946 image-top rounded drop-shadow  auto_fullwidth tf_mw\" data-lazy=\"1\">\n        <div class=\"image-wrap tf_rel tf_mw\">\n            <img loading=\"lazy\" decoding=\"async\" src=\"https:\/\/quatretonda.es\/wp-content\/uploads\/2024\/10\/patiescolainfantil-603x251.jpeg\" width=\"603\" height=\"251\" class=\"wp-post-image wp-image-773\" title=\"patiescuelainfantil\" alt=\"patiescolainfantil\">    \n        <\/div>\n    <!-- \/image-wrap -->\n    \n        <\/div>\n<!-- \/module image -->        <\/div>\n                    <\/div>\n                <\/div>\n                        <\/div>\n        <\/div>\n        <\/div>\n<!--\/themify_builder_content-->\n\n\n<p><\/p>","protected":false},"excerpt":{"rendered":"","protected":false},"author":1,"featured_media":0,"parent":654,"menu_order":0,"comment_status":"closed","ping_status":"closed","template":"","meta":{"footnotes":""},"class_list":["post-763","page","type-page","status-publish","hentry","has-post-title","has-post-date","has-post-category","has-post-tag","has-post-comment","has-post-author",""],"builder_content":"<h1>Educaci\u00f3<\/h1>\n<h3>IES Les Foies<\/h3> <p>\u00c9s un <strong>centre d'educaci\u00f3 secund\u00e0ria<\/strong> comprom\u00e9s amb la formaci\u00f3 integral dels seus estudiants, preparant-los per afrontar els reptes acad\u00e8mics, personals i professionals del futur. A l'IES Les Foies, entenem que educar en la <strong>creativitat<\/strong> significa formar persones sense por a equivocar-se, amb la capacitat de veure la realitat des de perspectives diferents i aportar respostes innovadores. Per aconseguir-ho, el nostre projecte educatiu es basa en la <strong>reflexi\u00f3<\/strong>, l'<strong>esfor\u00e7<\/strong> i el treball col\u00b7laboratiu entre professorat, estudiants i fam\u00edlies.<\/p>\n<a href=\"https:\/\/ieslesfoies.org\/\" target=\"_blank\" rel=\"noopener\" id=\"Boton1\"> <em><svg aria-hidden=\"true\"><use href=\"#tf-ti-world\"><\/use><\/svg><\/em> Web del centre <\/a>\n<img src=\"https:\/\/quatretonda.es\/wp-content\/uploads\/2024\/10\/Ies-les-Foies-1024x475-507x375.jpg\" width=\"507\" height=\"375\" title=\"Ies les Foies\" alt=\"Ies les Foies\">\n<h3>Escola d'Adults<\/h3> <p>Un centre formatiu obert a totes les persones que volen continuar la seua formaci\u00f3, adquirir nous coneixements i millorar les seues habilitats, oferint una segona oportunitat educativa en un ambient inclusiu i acollidor.<\/p>\n<a href=\"https:\/\/www.facebook.com\/formaciopersones.adultesquatretonda\" target=\"_blank\" rel=\"noopener\" id=\"Boton1\"> <em><svg aria-hidden=\"true\"><use href=\"#tf-ti-facebook\"><\/use><\/svg><\/em> Facebook de l'escola d'adults <\/a>\n<img src=\"https:\/\/quatretonda.es\/wp-content\/uploads\/2024\/10\/437865099_849390490331143_7860234080347412806_n-554x337.jpg\" width=\"554\" height=\"337\" title=\"437865099_849390490331143_7860234080347412806_n\" alt=\"437865099_849390490331143_7860234080347412806_n\">\n<h3>Escola Municipal d'Educaci\u00f3 Infantil<\/h3> <p>Un espai dedicat als m\u00e9s menuts, on l'aprenentatge i la diversi\u00f3 es combinen per potenciar el seu desenvolupament emocional, social i cognitiu des dels primers anys de vida.<\/p>\n<a href=\"http:\/\/mestreacasa.gva.es\/web\/4602755300\" target=\"_blank\" rel=\"noopener\" id=\"Boton1\"> <em><svg aria-hidden=\"true\"><use href=\"#tf-ti-world\"><\/use><\/svg><\/em> Web mestre a casa <\/a>\n<img src=\"https:\/\/quatretonda.es\/wp-content\/uploads\/2024\/10\/patiescolainfantil-603x251.jpeg\" width=\"603\" height=\"251\" title=\"patiescolainfantil\" alt=\"patiescolainfantil\">","_links":{"self":[{"href":"https:\/\/quatretonda.es\/es\/wp-json\/wp\/v2\/pages\/763","targetHints":{"allow":["GET"]}}],"collection":[{"href":"https:\/\/quatretonda.es\/es\/wp-json\/wp\/v2\/pages"}],"about":[{"href":"https:\/\/quatretonda.es\/es\/wp-json\/wp\/v2\/types\/page"}],"author":[{"embeddable":true,"href":"https:\/\/quatretonda.es\/es\/wp-json\/wp\/v2\/users\/1"}],"replies":[{"embeddable":true,"href":"https:\/\/quatretonda.es\/es\/wp-json\/wp\/v2\/comments?post=763"}],"version-history":[{"count":17,"href":"https:\/\/quatretonda.es\/es\/wp-json\/wp\/v2\/pages\/763\/revisions"}],"predecessor-version":[{"id":1799,"href":"https:\/\/quatretonda.es\/es\/wp-json\/wp\/v2\/pages\/763\/revisions\/1799"}],"up":[{"embeddable":true,"href":"https:\/\/quatretonda.es\/es\/wp-json\/wp\/v2\/pages\/654"}],"wp:attachment":[{"href":"https:\/\/quatretonda.es\/es\/wp-json\/wp\/v2\/media?parent=763"}],"curies":[{"name":"wp","href":"https:\/\/api.w.org\/{rel}","templated":true}]}}