{"id":877,"date":"2024-10-08T16:03:37","date_gmt":"2024-10-08T16:03:37","guid":{"rendered":"https:\/\/ayto2.accesia.info\/?page_id=877"},"modified":"2024-11-19T16:41:16","modified_gmt":"2024-11-19T16:41:16","slug":"documentacio","status":"publish","type":"page","link":"https:\/\/quatretonda.es\/es\/teleadiministracio\/documentacio\/","title":{"rendered":"Documentaci\u00f3n"},"content":{"rendered":"<!--themify_builder_content-->\n<div id=\"themify_builder_content-877\" data-postid=\"877\" class=\"themify_builder_content themify_builder_content-877 themify_builder tf_clear\">\n                    <div  data-lazy=\"1\" class=\"module_row themify_builder_row tb_g4i5222 tb_first tf_w\">\n            <span  class=\"builder_row_cover tf_abs\" data-lazy=\"1\"><\/span>            <div class=\"row_inner col_align_top tb_col_count_1 tf_box tf_rel\">\n                        <div  data-lazy=\"1\" class=\"module_column tb-column col-full tb_26r7224 first\">\n                    <!-- module text -->\n<div  class=\"module module-text tb_o844472\" data-lazy=\"1\">\n        <div  class=\"tb_text_wrap\">\n        <h1>Documentaci\u00f3n<\/h1>    <\/div>\n<\/div>\n<!-- \/module text -->        <\/div>\n                        <\/div>\n        <\/div>\n                        <div  data-lazy=\"1\" class=\"module_row themify_builder_row tb_47ht778 tf_w\">\n                        <div class=\"row_inner col_align_top tb_col_count_1 tf_box tf_rel\">\n                        <div  data-lazy=\"1\" class=\"module_column tb-column col-full tb_y6d2778 first\">\n                    <!-- module text -->\n<div  class=\"module module-text tb_nedm779\" data-lazy=\"1\">\n        <div  class=\"tb_text_wrap\">\n        <h2>Instancias<\/h2>    <\/div>\n<\/div>\n<!-- \/module text --><!-- module icon -->\n<div  class=\"module module-icon tb_lyhu779  large none icon_horizontal\" data-lazy=\"1\">\n\t\t\t<div class=\"module-icon-item\">\n\t\t\t\t\t\t\t<a href=\"https:\/\/quatretonda.es\/wp-content\/uploads\/2024\/10\/instancia-general_ajuntament-quatretonda-AMB-PROTECCIO-DE-DADES.pdf\" rel=\"noopener\" target=\"_blank\">\n\t\t\t\t\t\t\t\t\t\t\t\t\t\t\t\t\t<em class=\"tf_box\"\n\t\t\t\t\t\t\t\t\t\t\t\t\t\t\t\t\t><svg  class=\"tf_fa tf-fas-file-arrow-down\" aria-hidden=\"true\"><use href=\"#tf-fas-file-arrow-down\"><\/use><\/svg><\/em>\n\t\t\t\t\t\t\t\t\t\t\t\t\t\t\t\t\t\t\t<span>Instancia general<\/span>\n\t\t\t\t\t\t\t\t\t\t\t\t\t\t\t\t\t<\/a>\n\t\t\t\t\t<\/div>\n\t<\/div>\n<!-- \/module icon -->\n<!-- module icon -->\n<div  class=\"module module-icon tb_ztj8779  large none icon_horizontal\" data-lazy=\"1\">\n\t\t\t<div class=\"module-icon-item\">\n\t\t\t\t\t\t\t<a href=\"https:\/\/quatretonda.es\/wp-content\/uploads\/2024\/10\/ivtmdevolucio.pdf\" rel=\"noopener\" target=\"_blank\">\n\t\t\t\t\t\t\t\t\t\t\t\t\t\t\t\t\t<em class=\"tf_box\"\n\t\t\t\t\t\t\t\t\t\t\t\t\t\t\t\t\t><svg  class=\"tf_fa tf-fas-file-arrow-down\" aria-hidden=\"true\"><use href=\"#tf-fas-file-arrow-down\"><\/use><\/svg><\/em>\n\t\t\t\t\t\t\t\t\t\t\t\t\t\t\t\t\t\t\t<span>IVTM devoluci\u00f3n<\/span>\n\t\t\t\t\t\t\t\t\t\t\t\t\t\t\t\t\t<\/a>\n\t\t\t\t\t<\/div>\n\t<\/div>\n<!-- \/module icon -->\n<!-- module icon -->\n<div  class=\"module module-icon tb_1kwy779  large none icon_horizontal\" data-lazy=\"1\">\n\t\t\t<div class=\"module-icon-item\">\n\t\t\t\t\t\t\t<a href=\"https:\/\/quatretonda.es\/wp-content\/uploads\/2024\/10\/solicitudcompatibilidadurbanistica.pdf\" rel=\"noopener\" target=\"_blank\">\n\t\t\t\t\t\t\t\t\t\t\t\t\t\t\t\t\t<em class=\"tf_box\"\n\t\t\t\t\t\t\t\t\t\t\t\t\t\t\t\t\t><svg  class=\"tf_fa tf-fas-file-arrow-down\" aria-hidden=\"true\"><use href=\"#tf-fas-file-arrow-down\"><\/use><\/svg><\/em>\n\t\t\t\t\t\t\t\t\t\t\t\t\t\t\t\t\t\t\t<span>Solicitud compatibilidad urban\u00edstica<\/span>\n\t\t\t\t\t\t\t\t\t\t\t\t\t\t\t\t\t<\/a>\n\t\t\t\t\t<\/div>\n\t<\/div>\n<!-- \/module icon -->\n<!-- module icon -->\n<div  class=\"module module-icon tb_1ljg288  large none icon_horizontal\" data-lazy=\"1\">\n\t\t\t<div class=\"module-icon-item\">\n\t\t\t\t\t\t\t<a href=\"https:\/\/quatretonda.es\/wp-content\/uploads\/2024\/10\/declaracioresponsable1aocupacio.pdf\" rel=\"noopener\" target=\"_blank\">\n\t\t\t\t\t\t\t\t\t\t\t\t\t\t\t\t\t<em class=\"tf_box\"\n\t\t\t\t\t\t\t\t\t\t\t\t\t\t\t\t\t><svg  class=\"tf_fa tf-fas-file-arrow-down\" aria-hidden=\"true\"><use href=\"#tf-fas-file-arrow-down\"><\/use><\/svg><\/em>\n\t\t\t\t\t\t\t\t\t\t\t\t\t\t\t\t\t\t\t<span>Declaraci\u00f3n responsable a empleo<\/span>\n\t\t\t\t\t\t\t\t\t\t\t\t\t\t\t\t\t<\/a>\n\t\t\t\t\t<\/div>\n\t<\/div>\n<!-- \/module icon -->\n<!-- module icon -->\n<div  class=\"module module-icon tb_k7fe125  large none icon_horizontal\" data-lazy=\"1\">\n\t\t\t<div class=\"module-icon-item\">\n\t\t\t\t\t\t\t<a href=\"https:\/\/quatretonda.es\/wp-content\/uploads\/2024\/10\/comunicacioprevia2aocupacio.pdf\" rel=\"noopener\" target=\"_blank\">\n\t\t\t\t\t\t\t\t\t\t\t\t\t\t\t\t\t<em class=\"tf_box\"\n\t\t\t\t\t\t\t\t\t\t\t\t\t\t\t\t\t><svg  class=\"tf_fa tf-fas-file-arrow-down\" aria-hidden=\"true\"><use href=\"#tf-fas-file-arrow-down\"><\/use><\/svg><\/em>\n\t\t\t\t\t\t\t\t\t\t\t\t\t\t\t\t\t\t\t<span>Comunicaci\u00f3n previa a empleo<\/span>\n\t\t\t\t\t\t\t\t\t\t\t\t\t\t\t\t\t<\/a>\n\t\t\t\t\t<\/div>\n\t<\/div>\n<!-- \/module icon -->\n<!-- module icon -->\n<div  class=\"module module-icon tb_pg5x181  large none icon_horizontal\" data-lazy=\"1\">\n\t\t\t<div class=\"module-icon-item\">\n\t\t\t\t\t\t\t<a href=\"https:\/\/quatretonda.es\/wp-content\/uploads\/2024\/10\/solmercatnousvenedors.pdf\" rel=\"noopener\" target=\"_blank\">\n\t\t\t\t\t\t\t\t\t\t\t\t\t\t\t\t\t<em class=\"tf_box\"\n\t\t\t\t\t\t\t\t\t\t\t\t\t\t\t\t\t><svg  class=\"tf_fa tf-fas-file-arrow-down\" aria-hidden=\"true\"><use href=\"#tf-fas-file-arrow-down\"><\/use><\/svg><\/em>\n\t\t\t\t\t\t\t\t\t\t\t\t\t\t\t\t\t\t\t<span>Solo mercado nuevos vendedores<\/span>\n\t\t\t\t\t\t\t\t\t\t\t\t\t\t\t\t\t<\/a>\n\t\t\t\t\t<\/div>\n\t<\/div>\n<!-- \/module icon -->\n<!-- module icon -->\n<div  class=\"module module-icon tb_59vq666  large none icon_horizontal\" data-lazy=\"1\">\n\t\t\t<div class=\"module-icon-item\">\n\t\t\t\t\t\t\t<a href=\"https:\/\/quatretonda.es\/wp-content\/uploads\/2024\/10\/solrenovaciomercat.pdf\" rel=\"noopener\" target=\"_blank\">\n\t\t\t\t\t\t\t\t\t\t\t\t\t\t\t\t\t<em class=\"tf_box\"\n\t\t\t\t\t\t\t\t\t\t\t\t\t\t\t\t\t><svg  class=\"tf_fa tf-fas-file-arrow-down\" aria-hidden=\"true\"><use href=\"#tf-fas-file-arrow-down\"><\/use><\/svg><\/em>\n\t\t\t\t\t\t\t\t\t\t\t\t\t\t\t\t\t\t\t<span>Solo renovaci\u00f3n mercado<\/span>\n\t\t\t\t\t\t\t\t\t\t\t\t\t\t\t\t\t<\/a>\n\t\t\t\t\t<\/div>\n\t<\/div>\n<!-- \/module icon -->\n<!-- module icon -->\n<div  class=\"module module-icon tb_gb7o737  large none icon_horizontal\" data-lazy=\"1\">\n\t\t\t<div class=\"module-icon-item\">\n\t\t\t\t\t\t\t<a href=\"https:\/\/quatretonda.es\/wp-content\/uploads\/2024\/10\/permis_per_a_crema.pdf\" rel=\"noopener\" target=\"_blank\">\n\t\t\t\t\t\t\t\t\t\t\t\t\t\t\t\t\t<em class=\"tf_box\"\n\t\t\t\t\t\t\t\t\t\t\t\t\t\t\t\t\t><svg  class=\"tf_fa tf-fas-file-arrow-down\" aria-hidden=\"true\"><use href=\"#tf-fas-file-arrow-down\"><\/use><\/svg><\/em>\n\t\t\t\t\t\t\t\t\t\t\t\t\t\t\t\t\t\t\t<span>Permiso para crema<\/span>\n\t\t\t\t\t\t\t\t\t\t\t\t\t\t\t\t\t<\/a>\n\t\t\t\t\t<\/div>\n\t<\/div>\n<!-- \/module icon -->\n<!-- module icon -->\n<div  class=\"module module-icon tb_zy4t85  large none icon_horizontal\" data-lazy=\"1\">\n\t\t\t<div class=\"module-icon-item\">\n\t\t\t\t\t\t\t<a href=\"https:\/\/quatretonda.es\/wp-content\/uploads\/2024\/10\/sollcitudinfomeurbanisticmunicipal.pdf\" rel=\"noopener\" target=\"_blank\">\n\t\t\t\t\t\t\t\t\t\t\t\t\t\t\t\t\t<em class=\"tf_box\"\n\t\t\t\t\t\t\t\t\t\t\t\t\t\t\t\t\t><svg  class=\"tf_fa tf-fas-file-arrow-down\" aria-hidden=\"true\"><use href=\"#tf-fas-file-arrow-down\"><\/use><\/svg><\/em>\n\t\t\t\t\t\t\t\t\t\t\t\t\t\t\t\t\t\t\t<span>Solicitud infome urban\u00edstico municipal<\/span>\n\t\t\t\t\t\t\t\t\t\t\t\t\t\t\t\t\t<\/a>\n\t\t\t\t\t<\/div>\n\t<\/div>\n<!-- \/module icon -->\n<!-- module icon -->\n<div  class=\"module module-icon tb_36p3966  large none icon_horizontal\" data-lazy=\"1\">\n\t\t\t<div class=\"module-icon-item\">\n\t\t\t\t\t\t\t<a href=\"https:\/\/quatretonda.es\/wp-content\/uploads\/2024\/10\/SOL\u00b7LICITUD-LLICENCIA-OBRES-PER-IMPRIMIR.pdf\" rel=\"noopener\" target=\"_blank\">\n\t\t\t\t\t\t\t\t\t\t\t\t\t\t\t\t\t<em class=\"tf_box\"\n\t\t\t\t\t\t\t\t\t\t\t\t\t\t\t\t\t><svg  class=\"tf_fa tf-fas-file-arrow-down\" aria-hidden=\"true\"><use href=\"#tf-fas-file-arrow-down\"><\/use><\/svg><\/em>\n\t\t\t\t\t\t\t\t\t\t\t\t\t\t\t\t\t\t\t<span>Licencia de obras<\/span>\n\t\t\t\t\t\t\t\t\t\t\t\t\t\t\t\t\t<\/a>\n\t\t\t\t\t<\/div>\n\t<\/div>\n<!-- \/module icon -->\n<!-- module icon -->\n<div  class=\"module module-icon tb_exq794  large none icon_horizontal\" data-lazy=\"1\">\n\t\t\t<div class=\"module-icon-item\">\n\t\t\t\t\t\t\t<a href=\"https:\/\/quatretonda.es\/wp-content\/uploads\/2024\/10\/SOL\u00b7LICITUD-GUAL-PERMANENT.pdf\" rel=\"noopener\" target=\"_blank\">\n\t\t\t\t\t\t\t\t\t\t\t\t\t\t\t\t\t<em class=\"tf_box\"\n\t\t\t\t\t\t\t\t\t\t\t\t\t\t\t\t\t><svg  class=\"tf_fa tf-fas-file-arrow-down\" aria-hidden=\"true\"><use href=\"#tf-fas-file-arrow-down\"><\/use><\/svg><\/em>\n\t\t\t\t\t\t\t\t\t\t\t\t\t\t\t\t\t\t\t<span>Vado permanente<\/span>\n\t\t\t\t\t\t\t\t\t\t\t\t\t\t\t\t\t<\/a>\n\t\t\t\t\t<\/div>\n\t<\/div>\n<!-- \/module icon -->\n<!-- module icon -->\n<div  class=\"module module-icon tb_x461367  large none icon_horizontal\" data-lazy=\"1\">\n\t\t\t<div class=\"module-icon-item\">\n\t\t\t\t\t\t\t<a href=\"https:\/\/quatretonda.es\/wp-content\/uploads\/2024\/10\/04-IVTM_Solicit_Beneficis-Fiscals_valencia.pdf\" rel=\"noopener\" target=\"_blank\">\n\t\t\t\t\t\t\t\t\t\t\t\t\t\t\t\t\t<em class=\"tf_box\"\n\t\t\t\t\t\t\t\t\t\t\t\t\t\t\t\t\t><svg  class=\"tf_fa tf-fas-file-arrow-down\" aria-hidden=\"true\"><use href=\"#tf-fas-file-arrow-down\"><\/use><\/svg><\/em>\n\t\t\t\t\t\t\t\t\t\t\t\t\t\t\t\t\t\t\t<span>Solicitud de exenci\u00f3n IVTM<\/span>\n\t\t\t\t\t\t\t\t\t\t\t\t\t\t\t\t\t<\/a>\n\t\t\t\t\t<\/div>\n\t<\/div>\n<!-- \/module icon -->\n<!-- module icon -->\n<div  class=\"module module-icon tb_mvv6648  large none icon_horizontal\" data-lazy=\"1\">\n\t\t\t<div class=\"module-icon-item\">\n\t\t\t\t\t\t\t<a href=\"https:\/\/quatretonda.es\/wp-content\/uploads\/2024\/10\/AUTORITZACIO-EMPADRONAMENT.pdf\" rel=\"noopener\" target=\"_blank\">\n\t\t\t\t\t\t\t\t\t\t\t\t\t\t\t\t\t<em class=\"tf_box\"\n\t\t\t\t\t\t\t\t\t\t\t\t\t\t\t\t\t><svg  class=\"tf_fa tf-fas-file-arrow-down\" aria-hidden=\"true\"><use href=\"#tf-fas-file-arrow-down\"><\/use><\/svg><\/em>\n\t\t\t\t\t\t\t\t\t\t\t\t\t\t\t\t\t\t\t<span>Autorizaci\u00f3n empadronamiento<\/span>\n\t\t\t\t\t\t\t\t\t\t\t\t\t\t\t\t\t<\/a>\n\t\t\t\t\t<\/div>\n\t<\/div>\n<!-- \/module icon -->\n<!-- module icon -->\n<div  class=\"module module-icon tb_mr29220  large none icon_horizontal\" data-lazy=\"1\">\n\t\t\t<div class=\"module-icon-item\">\n\t\t\t\t\t\t\t<a href=\"https:\/\/quatretonda.es\/wp-content\/uploads\/2024\/10\/SOL\u00b7LICITUD-CANVI-DE-TITULARITAT.pdf\" rel=\"noopener\" target=\"_blank\">\n\t\t\t\t\t\t\t\t\t\t\t\t\t\t\t\t\t<em class=\"tf_box\"\n\t\t\t\t\t\t\t\t\t\t\t\t\t\t\t\t\t><svg  class=\"tf_fa tf-fas-file-arrow-down\" aria-hidden=\"true\"><use href=\"#tf-fas-file-arrow-down\"><\/use><\/svg><\/em>\n\t\t\t\t\t\t\t\t\t\t\t\t\t\t\t\t\t\t\t<span>Solicitud cambio titularidad actividades<\/span>\n\t\t\t\t\t\t\t\t\t\t\t\t\t\t\t\t\t<\/a>\n\t\t\t\t\t<\/div>\n\t<\/div>\n<!-- \/module icon -->\n<!-- module icon -->\n<div  class=\"module module-icon tb_lcg5906  large none icon_horizontal\" data-lazy=\"1\">\n\t\t\t<div class=\"module-icon-item\">\n\t\t\t\t\t\t\t<a href=\"https:\/\/quatretonda.es\/wp-content\/uploads\/2024\/10\/DERE-SOL\u00b7LICITUD-LLICENCIA-PRIMERA-I-SUCCESSIVA-OCUPACIO.pdf\" rel=\"noopener\" target=\"_blank\">\n\t\t\t\t\t\t\t\t\t\t\t\t\t\t\t\t\t<em class=\"tf_box\"\n\t\t\t\t\t\t\t\t\t\t\t\t\t\t\t\t\t><svg  class=\"tf_fa tf-fas-file-arrow-down\" aria-hidden=\"true\"><use href=\"#tf-fas-file-arrow-down\"><\/use><\/svg><\/em>\n\t\t\t\t\t\t\t\t\t\t\t\t\t\t\t\t\t\t\t<span>Solicitud primera y sucesiva ocupaci\u00f3n<\/span>\n\t\t\t\t\t\t\t\t\t\t\t\t\t\t\t\t\t<\/a>\n\t\t\t\t\t<\/div>\n\t<\/div>\n<!-- \/module icon -->\n<!-- module icon -->\n<div  class=\"module module-icon tb_eaqy657  large none icon_horizontal\" data-lazy=\"1\">\n\t\t\t<div class=\"module-icon-item\">\n\t\t\t\t\t\t\t<a href=\"https:\/\/quatretonda.es\/wp-content\/uploads\/2024\/10\/DECLARACIO-RESPONSABLE-MENORS.pdf\" rel=\"noopener\" target=\"_blank\">\n\t\t\t\t\t\t\t\t\t\t\t\t\t\t\t\t\t<em class=\"tf_box\"\n\t\t\t\t\t\t\t\t\t\t\t\t\t\t\t\t\t><svg  class=\"tf_fa tf-fas-file-arrow-down\" aria-hidden=\"true\"><use href=\"#tf-fas-file-arrow-down\"><\/use><\/svg><\/em>\n\t\t\t\t\t\t\t\t\t\t\t\t\t\t\t\t\t\t\t<span>Declaraci\u00f3n responsable menores cambio de domicilio<\/span>\n\t\t\t\t\t\t\t\t\t\t\t\t\t\t\t\t\t<\/a>\n\t\t\t\t\t<\/div>\n\t<\/div>\n<!-- \/module icon -->\n<!-- module icon -->\n<div  class=\"module module-icon tb_1fle243  large none icon_horizontal\" data-lazy=\"1\">\n\t\t\t<div class=\"module-icon-item\">\n\t\t\t\t\t\t\t<a href=\"https:\/\/quatretonda.es\/wp-content\/uploads\/2024\/10\/DERE-EXECUCIO-DOBRES-DE-REFOMA-DEDIFICISCONSTRUCCIONS-O-INST.-I-OBRES-MENORS.pdf\" rel=\"noopener\" target=\"_blank\">\n\t\t\t\t\t\t\t\t\t\t\t\t\t\t\t\t\t<em class=\"tf_box\"\n\t\t\t\t\t\t\t\t\t\t\t\t\t\t\t\t\t><svg  class=\"tf_fa tf-fas-file-arrow-down\" aria-hidden=\"true\"><use href=\"#tf-fas-file-arrow-down\"><\/use><\/svg><\/em>\n\t\t\t\t\t\t\t\t\t\t\t\t\t\t\t\t\t\t\t<span>Declaraci\u00f3n ejecuci\u00f3n de obras de reforma de edificios, construcciones o inst y obras menores<\/span>\n\t\t\t\t\t\t\t\t\t\t\t\t\t\t\t\t\t<\/a>\n\t\t\t\t\t<\/div>\n\t<\/div>\n<!-- \/module icon -->\n<!-- module icon -->\n<div  class=\"module module-icon tb_nddr962  large none icon_horizontal\" data-lazy=\"1\">\n\t\t\t<div class=\"module-icon-item\">\n\t\t\t\t\t\t\t<a href=\"https:\/\/quatretonda.es\/wp-content\/uploads\/2024\/10\/SOL\u00b7LICITUD-DE-RENOVACIO-DE-LA-INSCRIPCIO-PATRONAL-PER-A-ESTRANGERS-PER-REPRESENTANT.pdf\" rel=\"noopener\" target=\"_blank\">\n\t\t\t\t\t\t\t\t\t\t\t\t\t\t\t\t\t<em class=\"tf_box\"\n\t\t\t\t\t\t\t\t\t\t\t\t\t\t\t\t\t><svg  class=\"tf_fa tf-fas-file-arrow-down\" aria-hidden=\"true\"><use href=\"#tf-fas-file-arrow-down\"><\/use><\/svg><\/em>\n\t\t\t\t\t\t\t\t\t\t\t\t\t\t\t\t\t\t\t<span>SOLICITUD DE RENOVACI\u00d3N DE LA INSCRIPCI\u00d3N PATRONAL PARA EXTRANJEROS NO COMUNITARIOS<\/span>\n\t\t\t\t\t\t\t\t\t\t\t\t\t\t\t\t\t<\/a>\n\t\t\t\t\t<\/div>\n\t<\/div>\n<!-- \/module icon -->\n<!-- module icon -->\n<div  class=\"module module-icon tb_7r7t982  large none icon_horizontal\" data-lazy=\"1\">\n\t\t\t<div class=\"module-icon-item\">\n\t\t\t\t\t\t\t<a href=\"https:\/\/quatretonda.es\/wp-content\/uploads\/2024\/10\/SOL\u00b7LICITUD-DE-RENOVACIO-DE-LA-INSCRIPCIO-PATRONAL-PER-A-ESTRANGERS.pdf\" rel=\"noopener\" target=\"_blank\">\n\t\t\t\t\t\t\t\t\t\t\t\t\t\t\t\t\t<em class=\"tf_box\"\n\t\t\t\t\t\t\t\t\t\t\t\t\t\t\t\t\t><svg  class=\"tf_fa tf-fas-file-arrow-down\" aria-hidden=\"true\"><use href=\"#tf-fas-file-arrow-down\"><\/use><\/svg><\/em>\n\t\t\t\t\t\t\t\t\t\t\t\t\t\t\t\t\t\t\t<span>Solicitud de renovaci\u00f3n de la inscripci\u00f3n patronal para extranjeros<\/span>\n\t\t\t\t\t\t\t\t\t\t\t\t\t\t\t\t\t<\/a>\n\t\t\t\t\t<\/div>\n\t<\/div>\n<!-- \/module icon -->\n<!-- module icon -->\n<div  class=\"module module-icon tb_nxbx627  large none icon_horizontal\" data-lazy=\"1\">\n\t\t\t<div class=\"module-icon-item\">\n\t\t\t\t\t\t\t<a href=\"https:\/\/quatretonda.es\/wp-content\/uploads\/2024\/10\/SOL.LICITUD-CANVI-DOMICILI.pdf\" rel=\"noopener\" target=\"_blank\">\n\t\t\t\t\t\t\t\t\t\t\t\t\t\t\t\t\t<em class=\"tf_box\"\n\t\t\t\t\t\t\t\t\t\t\t\t\t\t\t\t\t><svg  class=\"tf_fa tf-fas-file-arrow-down\" aria-hidden=\"true\"><use href=\"#tf-fas-file-arrow-down\"><\/use><\/svg><\/em>\n\t\t\t\t\t\t\t\t\t\t\t\t\t\t\t\t\t\t\t<span>Solicitud cambio de domicilio<\/span>\n\t\t\t\t\t\t\t\t\t\t\t\t\t\t\t\t\t<\/a>\n\t\t\t\t\t<\/div>\n\t<\/div>\n<!-- \/module icon -->\n<!-- module icon -->\n<div  class=\"module module-icon tb_bk8p2  large none icon_horizontal\" data-lazy=\"1\">\n\t\t\t<div class=\"module-icon-item\">\n\t\t\t\t\t\t\t<a href=\"https:\/\/quatretonda.es\/wp-content\/uploads\/2024\/10\/SOL.LICITUD-DALTA-PADRO.pdf\" rel=\"noopener\" target=\"_blank\">\n\t\t\t\t\t\t\t\t\t\t\t\t\t\t\t\t\t<em class=\"tf_box\"\n\t\t\t\t\t\t\t\t\t\t\t\t\t\t\t\t\t><svg  class=\"tf_fa tf-fas-file-arrow-down\" aria-hidden=\"true\"><use href=\"#tf-fas-file-arrow-down\"><\/use><\/svg><\/em>\n\t\t\t\t\t\t\t\t\t\t\t\t\t\t\t\t\t\t\t<span>Solicitud de alta de empadronamiento<\/span>\n\t\t\t\t\t\t\t\t\t\t\t\t\t\t\t\t\t<\/a>\n\t\t\t\t\t<\/div>\n\t<\/div>\n<!-- \/module icon -->\n<!-- module icon -->\n<div  class=\"module module-icon tb_i7qm721  large none icon_horizontal\" data-lazy=\"1\">\n\t\t\t<div class=\"module-icon-item\">\n\t\t\t\t\t\t\t<a href=\"https:\/\/quatretonda.es\/wp-content\/uploads\/2024\/10\/DECLARACIO-RESPONSABLE-MENORS-AMB-CUSTODIA.pdf\" rel=\"noopener\" target=\"_blank\">\n\t\t\t\t\t\t\t\t\t\t\t\t\t\t\t\t\t<em class=\"tf_box\"\n\t\t\t\t\t\t\t\t\t\t\t\t\t\t\t\t\t><svg  class=\"tf_fa tf-fas-file-arrow-down\" aria-hidden=\"true\"><use href=\"#tf-fas-file-arrow-down\"><\/use><\/svg><\/em>\n\t\t\t\t\t\t\t\t\t\t\t\t\t\t\t\t\t\t\t<span>Declaraci\u00f3n responsable menores con custodia<\/span>\n\t\t\t\t\t\t\t\t\t\t\t\t\t\t\t\t\t<\/a>\n\t\t\t\t\t<\/div>\n\t<\/div>\n<!-- \/module icon -->\n<!-- module icon -->\n<div  class=\"module module-icon tb_0k3p77  large none icon_horizontal\" data-lazy=\"1\">\n\t\t\t<div class=\"module-icon-item\">\n\t\t\t\t\t\t\t<a href=\"https:\/\/quatretonda.es\/wp-content\/uploads\/2024\/10\/DECLARACIO-RESPONSABLE-MENORS-SENSE-CONSENTIMENT.pdf\" rel=\"noopener\" target=\"_blank\">\n\t\t\t\t\t\t\t\t\t\t\t\t\t\t\t\t\t<em class=\"tf_box\"\n\t\t\t\t\t\t\t\t\t\t\t\t\t\t\t\t\t><svg  class=\"tf_fa tf-fas-file-arrow-down\" aria-hidden=\"true\"><use href=\"#tf-fas-file-arrow-down\"><\/use><\/svg><\/em>\n\t\t\t\t\t\t\t\t\t\t\t\t\t\t\t\t\t\t\t<span> Declaraci\u00f3n responsable menores sin consentimiento<\/span>\n\t\t\t\t\t\t\t\t\t\t\t\t\t\t\t\t\t<\/a>\n\t\t\t\t\t<\/div>\n\t<\/div>\n<!-- \/module icon -->\n<!-- module icon -->\n<div  class=\"module module-icon tb_zuga259  large none icon_horizontal\" data-lazy=\"1\">\n\t\t\t<div class=\"module-icon-item\">\n\t\t\t\t\t\t\t<a href=\"https:\/\/quatretonda.es\/wp-content\/uploads\/2024\/10\/Solicitud_fraccionament_de_deute_tributari_sense_garantia.pdf\" rel=\"noopener\" target=\"_blank\">\n\t\t\t\t\t\t\t\t\t\t\t\t\t\t\t\t\t<em class=\"tf_box\"\n\t\t\t\t\t\t\t\t\t\t\t\t\t\t\t\t\t><svg  class=\"tf_fa tf-fas-file-arrow-down\" aria-hidden=\"true\"><use href=\"#tf-fas-file-arrow-down\"><\/use><\/svg><\/em>\n\t\t\t\t\t\t\t\t\t\t\t\t\t\t\t\t\t\t\t<span>Solicitud fraccionamiento de deuda tributaria sin garant\u00eda<\/span>\n\t\t\t\t\t\t\t\t\t\t\t\t\t\t\t\t\t<\/a>\n\t\t\t\t\t<\/div>\n\t<\/div>\n<!-- \/module icon -->\n<!-- module icon -->\n<div  class=\"module module-icon tb_9gui511  large none icon_horizontal\" data-lazy=\"1\">\n\t\t\t<div class=\"module-icon-item\">\n\t\t\t\t\t\t\t<a href=\"https:\/\/quatretonda.es\/wp-content\/uploads\/2024\/10\/SOL\u00b7LICITUD-BENEFICIS-FISCALS-IAE.pdf\" rel=\"noopener\" target=\"_blank\">\n\t\t\t\t\t\t\t\t\t\t\t\t\t\t\t\t\t<em class=\"tf_box\"\n\t\t\t\t\t\t\t\t\t\t\t\t\t\t\t\t\t><svg  class=\"tf_fa tf-fas-file-arrow-down\" aria-hidden=\"true\"><use href=\"#tf-fas-file-arrow-down\"><\/use><\/svg><\/em>\n\t\t\t\t\t\t\t\t\t\t\t\t\t\t\t\t\t\t\t<span>Solicitud beneficios fiscales IAE<\/span>\n\t\t\t\t\t\t\t\t\t\t\t\t\t\t\t\t\t<\/a>\n\t\t\t\t\t<\/div>\n\t<\/div>\n<!-- \/module icon -->\n<!-- module icon -->\n<div  class=\"module module-icon tb_cvnl548  large none icon_horizontal\" data-lazy=\"1\">\n\t\t\t<div class=\"module-icon-item\">\n\t\t\t\t\t\t\t<a href=\"https:\/\/quatretonda.es\/wp-content\/uploads\/2024\/10\/SOL\u00b7LICITUD-BENEFICIS-FISCALS-IBI.pdf\" rel=\"noopener\" target=\"_blank\">\n\t\t\t\t\t\t\t\t\t\t\t\t\t\t\t\t\t<em class=\"tf_box\"\n\t\t\t\t\t\t\t\t\t\t\t\t\t\t\t\t\t><svg  class=\"tf_fa tf-fas-file-arrow-down\" aria-hidden=\"true\"><use href=\"#tf-fas-file-arrow-down\"><\/use><\/svg><\/em>\n\t\t\t\t\t\t\t\t\t\t\t\t\t\t\t\t\t\t\t<span>Solicitud beneficios fiscales IBI<\/span>\n\t\t\t\t\t\t\t\t\t\t\t\t\t\t\t\t\t<\/a>\n\t\t\t\t\t<\/div>\n\t<\/div>\n<!-- \/module icon -->\n<!-- module icon -->\n<div  class=\"module module-icon tb_14mb120  large none icon_horizontal\" data-lazy=\"1\">\n\t\t\t<div class=\"module-icon-item\">\n\t\t\t\t\t\t\t<a href=\"https:\/\/quatretonda.es\/wp-content\/uploads\/2024\/10\/SOL\u00b7LICITUD-BENEFICI-FISCAL-TAXA-DE-RECOLLIDA-DE-FEM.pdf\" rel=\"noopener\" target=\"_blank\">\n\t\t\t\t\t\t\t\t\t\t\t\t\t\t\t\t\t<em class=\"tf_box\"\n\t\t\t\t\t\t\t\t\t\t\t\t\t\t\t\t\t><svg  class=\"tf_fa tf-fas-file-arrow-down\" aria-hidden=\"true\"><use href=\"#tf-fas-file-arrow-down\"><\/use><\/svg><\/em>\n\t\t\t\t\t\t\t\t\t\t\t\t\t\t\t\t\t\t\t<span>Solicitud beneficio fiscal tasa de recogida de basura<\/span>\n\t\t\t\t\t\t\t\t\t\t\t\t\t\t\t\t\t<\/a>\n\t\t\t\t\t<\/div>\n\t<\/div>\n<!-- \/module icon -->\n<!-- module icon -->\n<div  class=\"module module-icon tb_mqp656  large none icon_horizontal\" data-lazy=\"1\">\n\t\t\t<div class=\"module-icon-item\">\n\t\t\t\t\t\t\t<a href=\"https:\/\/quatretonda.es\/wp-content\/uploads\/2024\/10\/06-Model-normalitzat_CORRECCIO_ERRORS.pdf\" rel=\"noopener\" target=\"_blank\">\n\t\t\t\t\t\t\t\t\t\t\t\t\t\t\t\t\t<em class=\"tf_box\"\n\t\t\t\t\t\t\t\t\t\t\t\t\t\t\t\t\t><svg  class=\"tf_fa tf-fas-file-arrow-down\" aria-hidden=\"true\"><use href=\"#tf-fas-file-arrow-down\"><\/use><\/svg><\/em>\n\t\t\t\t\t\t\t\t\t\t\t\t\t\t\t\t\t\t\t<span>Solicitud correcci\u00f3n de errores<\/span>\n\t\t\t\t\t\t\t\t\t\t\t\t\t\t\t\t\t<\/a>\n\t\t\t\t\t<\/div>\n\t<\/div>\n<!-- \/module icon -->\n<!-- module icon -->\n<div  class=\"module module-icon tb_62pm142  large none icon_horizontal\" data-lazy=\"1\">\n\t\t\t<div class=\"module-icon-item\">\n\t\t\t\t\t\t\t<a href=\"https:\/\/quatretonda.es\/wp-content\/uploads\/2024\/10\/Sollicitud-devolucio-dingresos.pdf\" rel=\"noopener\" target=\"_blank\">\n\t\t\t\t\t\t\t\t\t\t\t\t\t\t\t\t\t<em class=\"tf_box\"\n\t\t\t\t\t\t\t\t\t\t\t\t\t\t\t\t\t><svg  class=\"tf_fa tf-fas-file-arrow-down\" aria-hidden=\"true\"><use href=\"#tf-fas-file-arrow-down\"><\/use><\/svg><\/em>\n\t\t\t\t\t\t\t\t\t\t\t\t\t\t\t\t\t\t\t<span>Solicitud devoluci\u00f3n de ingresos<\/span>\n\t\t\t\t\t\t\t\t\t\t\t\t\t\t\t\t\t<\/a>\n\t\t\t\t\t<\/div>\n\t<\/div>\n<!-- \/module icon -->\n<!-- module icon -->\n<div  class=\"module module-icon tb_h2z7858  large none icon_horizontal\" data-lazy=\"1\">\n\t\t\t<div class=\"module-icon-item\">\n\t\t\t\t\t\t\t<a href=\"https:\/\/quatretonda.es\/wp-content\/uploads\/2024\/10\/Sollicitud-de-suspensio-deute-tributari.pdf\" rel=\"noopener\" target=\"_blank\">\n\t\t\t\t\t\t\t\t\t\t\t\t\t\t\t\t\t<em class=\"tf_box\"\n\t\t\t\t\t\t\t\t\t\t\t\t\t\t\t\t\t><svg  class=\"tf_fa tf-fas-file-arrow-down\" aria-hidden=\"true\"><use href=\"#tf-fas-file-arrow-down\"><\/use><\/svg><\/em>\n\t\t\t\t\t\t\t\t\t\t\t\t\t\t\t\t\t\t\t<span>Solicitud de suspensi\u00f3n deuda tributaria<\/span>\n\t\t\t\t\t\t\t\t\t\t\t\t\t\t\t\t\t<\/a>\n\t\t\t\t\t<\/div>\n\t<\/div>\n<!-- \/module icon -->\n<!-- module icon -->\n<div  class=\"module module-icon tb_m1jp608  large none icon_horizontal\" data-lazy=\"1\">\n\t\t\t<div class=\"module-icon-item\">\n\t\t\t\t\t\t\t<a href=\"https:\/\/quatretonda.es\/wp-content\/uploads\/2024\/10\/Sollicitud-de-domiciliacio-bancaria-de-tributs.pdf\" rel=\"noopener\" target=\"_blank\">\n\t\t\t\t\t\t\t\t\t\t\t\t\t\t\t\t\t<em class=\"tf_box\"\n\t\t\t\t\t\t\t\t\t\t\t\t\t\t\t\t\t><svg  class=\"tf_fa tf-fas-file-arrow-down\" aria-hidden=\"true\"><use href=\"#tf-fas-file-arrow-down\"><\/use><\/svg><\/em>\n\t\t\t\t\t\t\t\t\t\t\t\t\t\t\t\t\t\t\t<span>Solicitud de domiciliaci\u00f3n bancaria de tributos<\/span>\n\t\t\t\t\t\t\t\t\t\t\t\t\t\t\t\t\t<\/a>\n\t\t\t\t\t<\/div>\n\t<\/div>\n<!-- \/module icon -->\n<!-- module icon -->\n<div  class=\"module module-icon tb_ezlk898  large none icon_horizontal\" data-lazy=\"1\">\n\t\t\t<div class=\"module-icon-item\">\n\t\t\t\t\t\t\t<a href=\"https:\/\/quatretonda.es\/wp-content\/uploads\/2024\/10\/Recurs-de-reposicio-executiva.pdf\" rel=\"noopener\" target=\"_blank\">\n\t\t\t\t\t\t\t\t\t\t\t\t\t\t\t\t\t<em class=\"tf_box\"\n\t\t\t\t\t\t\t\t\t\t\t\t\t\t\t\t\t><svg  class=\"tf_fa tf-fas-file-arrow-down\" aria-hidden=\"true\"><use href=\"#tf-fas-file-arrow-down\"><\/use><\/svg><\/em>\n\t\t\t\t\t\t\t\t\t\t\t\t\t\t\t\t\t\t\t<span>Recurso de reposici\u00f3n ejecutiva<\/span>\n\t\t\t\t\t\t\t\t\t\t\t\t\t\t\t\t\t<\/a>\n\t\t\t\t\t<\/div>\n\t<\/div>\n<!-- \/module icon -->\n<!-- module icon -->\n<div  class=\"module module-icon tb_s9ya507  large none icon_horizontal\" data-lazy=\"1\">\n\t\t\t<div class=\"module-icon-item\">\n\t\t\t\t\t\t\t<a href=\"https:\/\/quatretonda.es\/wp-content\/uploads\/2024\/10\/Sol-disconformitat-taxa-de-tractament-residus-urbans_compressed.pdf\" rel=\"noopener\" target=\"_blank\">\n\t\t\t\t\t\t\t\t\t\t\t\t\t\t\t\t\t<em class=\"tf_box\"\n\t\t\t\t\t\t\t\t\t\t\t\t\t\t\t\t\t><svg  class=\"tf_fa tf-fas-file-arrow-down\" aria-hidden=\"true\"><use href=\"#tf-fas-file-arrow-down\"><\/use><\/svg><\/em>\n\t\t\t\t\t\t\t\t\t\t\t\t\t\t\t\t\t\t\t<span>Solicitud disconformidad de tratamiento de residuos urbanos<\/span>\n\t\t\t\t\t\t\t\t\t\t\t\t\t\t\t\t\t<\/a>\n\t\t\t\t\t<\/div>\n\t<\/div>\n<!-- \/module icon -->\n<!-- module icon -->\n<div  class=\"module module-icon tb_c8ft207  large none icon_horizontal\" data-lazy=\"1\">\n\t\t\t<div class=\"module-icon-item\">\n\t\t\t\t\t\t\t<a href=\"https:\/\/quatretonda.es\/wp-content\/uploads\/2024\/10\/Sol.licitud_Fraccionament-SUCCESIU_pagament_deute_tributari_sense_garantia_-VAL_saltv-editable.pdf\" rel=\"noopener\" target=\"_blank\">\n\t\t\t\t\t\t\t\t\t\t\t\t\t\t\t\t\t<em class=\"tf_box\"\n\t\t\t\t\t\t\t\t\t\t\t\t\t\t\t\t\t><svg  class=\"tf_fa tf-fas-file-arrow-down\" aria-hidden=\"true\"><use href=\"#tf-fas-file-arrow-down\"><\/use><\/svg><\/em>\n\t\t\t\t\t\t\t\t\t\t\t\t\t\t\t\t\t\t\t<span>Solicitud fraccionamiento sucesivo pago deuda tributaria sin garant\u00eda<\/span>\n\t\t\t\t\t\t\t\t\t\t\t\t\t\t\t\t\t<\/a>\n\t\t\t\t\t<\/div>\n\t<\/div>\n<!-- \/module icon -->\n<!-- module icon -->\n<div  class=\"module module-icon tb_dbsk600  large none icon_horizontal\" data-lazy=\"1\">\n\t\t\t<div class=\"module-icon-item\">\n\t\t\t\t\t\t\t<a href=\"https:\/\/quatretonda.es\/wp-content\/uploads\/2024\/10\/SolicitudDeclaracionAlteracionCatastralVal.pdf\" rel=\"noopener\" target=\"_blank\">\n\t\t\t\t\t\t\t\t\t\t\t\t\t\t\t\t\t<em class=\"tf_box\"\n\t\t\t\t\t\t\t\t\t\t\t\t\t\t\t\t\t><svg  class=\"tf_fa tf-fas-file-arrow-down\" aria-hidden=\"true\"><use href=\"#tf-fas-file-arrow-down\"><\/use><\/svg><\/em>\n\t\t\t\t\t\t\t\t\t\t\t\t\t\t\t\t\t\t\t<span>Solicitud declaraci\u00f3n alteraci\u00f3n catastral<\/span>\n\t\t\t\t\t\t\t\t\t\t\t\t\t\t\t\t\t<\/a>\n\t\t\t\t\t<\/div>\n\t<\/div>\n<!-- \/module icon -->\n<!-- module icon -->\n<div  class=\"module module-icon tb_wfwx365  large none icon_horizontal\" data-lazy=\"1\">\n\t\t\t<div class=\"module-icon-item\">\n\t\t\t\t\t\t\t<a href=\"https:\/\/quatretonda.es\/wp-content\/uploads\/2024\/10\/SolicitudDivisionQuota.pdf\" rel=\"noopener\" target=\"_blank\">\n\t\t\t\t\t\t\t\t\t\t\t\t\t\t\t\t\t<em class=\"tf_box\"\n\t\t\t\t\t\t\t\t\t\t\t\t\t\t\t\t\t><svg  class=\"tf_fa tf-fas-file-arrow-down\" aria-hidden=\"true\"><use href=\"#tf-fas-file-arrow-down\"><\/use><\/svg><\/em>\n\t\t\t\t\t\t\t\t\t\t\t\t\t\t\t\t\t\t\t<span>Solicitud divisi\u00f3n de cuota<\/span>\n\t\t\t\t\t\t\t\t\t\t\t\t\t\t\t\t\t<\/a>\n\t\t\t\t\t<\/div>\n\t<\/div>\n<!-- \/module icon -->\n        <\/div>\n                        <\/div>\n        <\/div>\n                        <div  data-lazy=\"1\" class=\"module_row themify_builder_row tb_amgs645 tf_w\">\n                        <div class=\"row_inner col_align_top tb_col_count_1 tf_box tf_rel\">\n                        <div  data-lazy=\"1\" class=\"module_column tb-column col-full tb_657r645 first\">\n                    <!-- module text -->\n<div  class=\"module module-text tb_ktw0645\" data-lazy=\"1\">\n        <div  class=\"tb_text_wrap\">\n        <h2>Ordenanzas<\/h2>    <\/div>\n<\/div>\n<!-- \/module text --><!-- module icon -->\n<div  class=\"module module-icon tb_02fi645  large none icon_horizontal\" data-lazy=\"1\">\n\t\t\t<div class=\"module-icon-item\">\n\t\t\t\t\t\t\t<a href=\"https:\/\/quatretonda.es\/wp-content\/uploads\/2024\/10\/ordenanca_municipal_reguladora_de_participacio.pdf\" rel=\"noopener\" target=\"_blank\">\n\t\t\t\t\t\t\t\t\t\t\t\t\t\t\t\t\t<em class=\"tf_box\"\n\t\t\t\t\t\t\t\t\t\t\t\t\t\t\t\t\t><svg  class=\"tf_fa tf-fas-file-arrow-down\" aria-hidden=\"true\"><use href=\"#tf-fas-file-arrow-down\"><\/use><\/svg><\/em>\n\t\t\t\t\t\t\t\t\t\t\t\t\t\t\t\t\t\t\t<span>Ordenanza municipal reguladora de participaci\u00f3n ciudadana 2015<\/span>\n\t\t\t\t\t\t\t\t\t\t\t\t\t\t\t\t\t<\/a>\n\t\t\t\t\t<\/div>\n\t<\/div>\n<!-- \/module icon -->\n<!-- module icon -->\n<div  class=\"module module-icon tb_nw3o645  large none icon_horizontal\" data-lazy=\"1\">\n\t\t\t<div class=\"module-icon-item\">\n\t\t\t\t\t\t\t<a href=\"https:\/\/quatretonda.es\/wp-content\/uploads\/2024\/10\/modificacio-ordenanca-fiscal-llicencies-urbanistiques.pdf\" rel=\"noopener\" target=\"_blank\">\n\t\t\t\t\t\t\t\t\t\t\t\t\t\t\t\t\t<em class=\"tf_box\"\n\t\t\t\t\t\t\t\t\t\t\t\t\t\t\t\t\t><svg  class=\"tf_fa tf-fas-file-arrow-down\" aria-hidden=\"true\"><use href=\"#tf-fas-file-arrow-down\"><\/use><\/svg><\/em>\n\t\t\t\t\t\t\t\t\t\t\t\t\t\t\t\t\t\t\t<span>Modificaci\u00f3n de la Ordenanza fiscal del impuesto sobre construcciones, instalaciones y obras 2014<\/span>\n\t\t\t\t\t\t\t\t\t\t\t\t\t\t\t\t\t<\/a>\n\t\t\t\t\t<\/div>\n\t<\/div>\n<!-- \/module icon -->\n<!-- module icon -->\n<div  class=\"module module-icon tb_17ip645  large none icon_horizontal\" data-lazy=\"1\">\n\t\t\t<div class=\"module-icon-item\">\n\t\t\t\t\t\t\t<a href=\"https:\/\/quatretonda.es\/wp-content\/uploads\/2024\/10\/ordenancafiscalivtmmodificacio2014.pdf\" rel=\"noopener\" target=\"_blank\">\n\t\t\t\t\t\t\t\t\t\t\t\t\t\t\t\t\t<em class=\"tf_box\"\n\t\t\t\t\t\t\t\t\t\t\t\t\t\t\t\t\t><svg  class=\"tf_fa tf-fas-file-arrow-down\" aria-hidden=\"true\"><use href=\"#tf-fas-file-arrow-down\"><\/use><\/svg><\/em>\n\t\t\t\t\t\t\t\t\t\t\t\t\t\t\t\t\t\t\t<span>Modificaci\u00f3n de la Ordenanza fiscal reguladora del impuesto sobre veh\u00edculos de tracci\u00f3n mec\u00e1nica 2014<\/span>\n\t\t\t\t\t\t\t\t\t\t\t\t\t\t\t\t\t<\/a>\n\t\t\t\t\t<\/div>\n\t<\/div>\n<!-- \/module icon -->\n<!-- module icon -->\n<div  class=\"module module-icon tb_r2c3585  large none icon_horizontal\" data-lazy=\"1\">\n\t\t\t<div class=\"module-icon-item\">\n\t\t\t\t\t\t\t<a href=\"https:\/\/quatretonda.es\/wp-content\/uploads\/2024\/10\/ordenanca-fiscal-llicecia-apertura.pdf\" rel=\"noopener\" target=\"_blank\">\n\t\t\t\t\t\t\t\t\t\t\t\t\t\t\t\t\t<em class=\"tf_box\"\n\t\t\t\t\t\t\t\t\t\t\t\t\t\t\t\t\t><svg  class=\"tf_fa tf-fas-file-arrow-down\" aria-hidden=\"true\"><use href=\"#tf-fas-file-arrow-down\"><\/use><\/svg><\/em>\n\t\t\t\t\t\t\t\t\t\t\t\t\t\t\t\t\t\t\t<span>Ordenanza reguladora de la tasa por otorgamiento de las licencias de apertura de establecimientos 2011<\/span>\n\t\t\t\t\t\t\t\t\t\t\t\t\t\t\t\t\t<\/a>\n\t\t\t\t\t<\/div>\n\t<\/div>\n<!-- \/module icon -->\n<!-- module icon -->\n<div  class=\"module module-icon tb_cpqi928  large none icon_horizontal\" data-lazy=\"1\">\n\t\t\t<div class=\"module-icon-item\">\n\t\t\t\t\t\t\t<a href=\"https:\/\/quatretonda.es\/wp-content\/uploads\/2024\/10\/ordenancafiscalusedificisinstalcionsmunicipals_0.pdf\" rel=\"noopener\" target=\"_blank\">\n\t\t\t\t\t\t\t\t\t\t\t\t\t\t\t\t\t<em class=\"tf_box\"\n\t\t\t\t\t\t\t\t\t\t\t\t\t\t\t\t\t><svg  class=\"tf_fa tf-fas-file-arrow-down\" aria-hidden=\"true\"><use href=\"#tf-fas-file-arrow-down\"><\/use><\/svg><\/em>\n\t\t\t\t\t\t\t\t\t\t\t\t\t\t\t\t\t\t\t<span>Ordenanza fiscal reguladora de la utilizaci\u00f3n temporal de edificios, locales e instalaciones 2014<\/span>\n\t\t\t\t\t\t\t\t\t\t\t\t\t\t\t\t\t<\/a>\n\t\t\t\t\t<\/div>\n\t<\/div>\n<!-- \/module icon -->\n<!-- module icon -->\n<div  class=\"module module-icon tb_opzt4  large none icon_horizontal\" data-lazy=\"1\">\n\t\t\t<div class=\"module-icon-item\">\n\t\t\t\t\t\t\t<a href=\"https:\/\/quatretonda.es\/wp-content\/uploads\/2024\/10\/reglamentregistreparellesdefet.pdf\" rel=\"noopener\" target=\"_blank\">\n\t\t\t\t\t\t\t\t\t\t\t\t\t\t\t\t\t<em class=\"tf_box\"\n\t\t\t\t\t\t\t\t\t\t\t\t\t\t\t\t\t><svg  class=\"tf_fa tf-fas-file-arrow-down\" aria-hidden=\"true\"><use href=\"#tf-fas-file-arrow-down\"><\/use><\/svg><\/em>\n\t\t\t\t\t\t\t\t\t\t\t\t\t\t\t\t\t\t\t<span>Reglamento regulador del Registro de Parejas de Hecho 2007<\/span>\n\t\t\t\t\t\t\t\t\t\t\t\t\t\t\t\t\t<\/a>\n\t\t\t\t\t<\/div>\n\t<\/div>\n<!-- \/module icon -->\n<!-- module icon -->\n<div  class=\"module module-icon tb_ij8t578  large none icon_horizontal\" data-lazy=\"1\">\n\t\t\t<div class=\"module-icon-item\">\n\t\t\t\t\t\t\t<a href=\"https:\/\/quatretonda.es\/wp-content\/uploads\/2024\/10\/ordenancatransitcascurba.pdf\" rel=\"noopener\" target=\"_blank\">\n\t\t\t\t\t\t\t\t\t\t\t\t\t\t\t\t\t<em class=\"tf_box\"\n\t\t\t\t\t\t\t\t\t\t\t\t\t\t\t\t\t><svg  class=\"tf_fa tf-fas-file-arrow-down\" aria-hidden=\"true\"><use href=\"#tf-fas-file-arrow-down\"><\/use><\/svg><\/em>\n\t\t\t\t\t\t\t\t\t\t\t\t\t\t\t\t\t\t\t<span>Ordenanza reguladora del tr\u00e1fico en el casco urbano 2011<\/span>\n\t\t\t\t\t\t\t\t\t\t\t\t\t\t\t\t\t<\/a>\n\t\t\t\t\t<\/div>\n\t<\/div>\n<!-- \/module icon -->\n<!-- module icon -->\n<div  class=\"module module-icon tb_8227306  large none icon_horizontal\" data-lazy=\"1\">\n\t\t\t<div class=\"module-icon-item\">\n\t\t\t\t\t\t\t<a href=\"https:\/\/quatretonda.es\/wp-content\/uploads\/2024\/10\/ordenancadelcampbopv2842003.pdf\" rel=\"noopener\" target=\"_blank\">\n\t\t\t\t\t\t\t\t\t\t\t\t\t\t\t\t\t<em class=\"tf_box\"\n\t\t\t\t\t\t\t\t\t\t\t\t\t\t\t\t\t><svg  class=\"tf_fa tf-fas-file-arrow-down\" aria-hidden=\"true\"><use href=\"#tf-fas-file-arrow-down\"><\/use><\/svg><\/em>\n\t\t\t\t\t\t\t\t\t\t\t\t\t\t\t\t\t\t\t<span>Ordenanza del campo 2003<\/span>\n\t\t\t\t\t\t\t\t\t\t\t\t\t\t\t\t\t<\/a>\n\t\t\t\t\t<\/div>\n\t<\/div>\n<!-- \/module icon -->\n<!-- module icon -->\n<div  class=\"module module-icon tb_jhz8341  large none icon_horizontal\" data-lazy=\"1\">\n\t\t\t<div class=\"module-icon-item\">\n\t\t\t\t\t\t\t<a href=\"https:\/\/quatretonda.es\/wp-content\/uploads\/2024\/10\/declaraciopnmunicipalserradequatretonda.pdf\" rel=\"noopener\" target=\"_blank\">\n\t\t\t\t\t\t\t\t\t\t\t\t\t\t\t\t\t<em class=\"tf_box\"\n\t\t\t\t\t\t\t\t\t\t\t\t\t\t\t\t\t><svg  class=\"tf_fa tf-fas-file-arrow-down\" aria-hidden=\"true\"><use href=\"#tf-fas-file-arrow-down\"><\/use><\/svg><\/em>\n\t\t\t\t\t\t\t\t\t\t\t\t\t\t\t\t\t\t\t<span>Declaraci\u00f3n del Paraje Natural Municipal &quot;Sierra de Quatretonda&quot; 2006<\/span>\n\t\t\t\t\t\t\t\t\t\t\t\t\t\t\t\t\t<\/a>\n\t\t\t\t\t<\/div>\n\t<\/div>\n<!-- \/module icon -->\n<!-- module icon -->\n<div  class=\"module module-icon tb_fclz44  large none icon_horizontal\" data-lazy=\"1\">\n\t\t\t<div class=\"module-icon-item\">\n\t\t\t\t\t\t\t<a href=\"https:\/\/quatretonda.es\/wp-content\/uploads\/2024\/10\/ordenancafiscalescolainfantil.pdf\" rel=\"noopener\" target=\"_blank\">\n\t\t\t\t\t\t\t\t\t\t\t\t\t\t\t\t\t<em class=\"tf_box\"\n\t\t\t\t\t\t\t\t\t\t\t\t\t\t\t\t\t><svg  class=\"tf_fa tf-fas-file-arrow-down\" aria-hidden=\"true\"><use href=\"#tf-fas-file-arrow-down\"><\/use><\/svg><\/em>\n\t\t\t\t\t\t\t\t\t\t\t\t\t\t\t\t\t\t\t<span>Ordenanza fiscal reguladora de tarifas por la prestaci\u00f3n de servicios en la Escuela Infantil Municipal 2011<\/span>\n\t\t\t\t\t\t\t\t\t\t\t\t\t\t\t\t\t<\/a>\n\t\t\t\t\t<\/div>\n\t<\/div>\n<!-- \/module icon -->\n<!-- module icon -->\n<div  class=\"module module-icon tb_fnxe112  large none icon_horizontal\" data-lazy=\"1\">\n\t\t\t<div class=\"module-icon-item\">\n\t\t\t\t\t\t\t<a href=\"https:\/\/quatretonda.es\/wp-content\/uploads\/2024\/10\/aprovdefinitivaderogacioordtules_0.pdf\" rel=\"noopener\" target=\"_blank\">\n\t\t\t\t\t\t\t\t\t\t\t\t\t\t\t\t\t<em class=\"tf_box\"\n\t\t\t\t\t\t\t\t\t\t\t\t\t\t\t\t\t><svg  class=\"tf_fa tf-fas-file-arrow-down\" aria-hidden=\"true\"><use href=\"#tf-fas-file-arrow-down\"><\/use><\/svg><\/em>\n\t\t\t\t\t\t\t\t\t\t\t\t\t\t\t\t\t\t\t<span>Derogaci\u00f3n de la Ordenanza de la tasa por ocupaci\u00f3n de la v\u00eda p\u00fablica con mesas y sillas 2011<\/span>\n\t\t\t\t\t\t\t\t\t\t\t\t\t\t\t\t\t<\/a>\n\t\t\t\t\t<\/div>\n\t<\/div>\n<!-- \/module icon -->\n<!-- module icon -->\n<div  class=\"module module-icon tb_bjok349  large none icon_horizontal\" data-lazy=\"1\">\n\t\t\t<div class=\"module-icon-item\">\n\t\t\t\t\t\t\t<a href=\"https:\/\/quatretonda.es\/wp-content\/uploads\/2024\/10\/basesconcessiosubvencions_0.pdf\" rel=\"noopener\" target=\"_blank\">\n\t\t\t\t\t\t\t\t\t\t\t\t\t\t\t\t\t<em class=\"tf_box\"\n\t\t\t\t\t\t\t\t\t\t\t\t\t\t\t\t\t><svg  class=\"tf_fa tf-fas-file-arrow-down\" aria-hidden=\"true\"><use href=\"#tf-fas-file-arrow-down\"><\/use><\/svg><\/em>\n\t\t\t\t\t\t\t\t\t\t\t\t\t\t\t\t\t\t\t<span>Aprobaci\u00f3n definitiva de bases de concesi\u00f3n de subvenciones 2011<\/span>\n\t\t\t\t\t\t\t\t\t\t\t\t\t\t\t\t\t<\/a>\n\t\t\t\t\t<\/div>\n\t<\/div>\n<!-- \/module icon -->\n<!-- module icon -->\n<div  class=\"module module-icon tb_wkev604  large none icon_horizontal\" data-lazy=\"1\">\n\t\t\t<div class=\"module-icon-item\">\n\t\t\t\t\t\t\t<a href=\"https:\/\/quatretonda.es\/wp-content\/uploads\/2024\/10\/edicteaprovaciodefinitivamodificacioordenancaibi_0.pdf\" rel=\"noopener\" target=\"_blank\">\n\t\t\t\t\t\t\t\t\t\t\t\t\t\t\t\t\t\t\t\t\t\t\t\t\t\t\t<span>Modificaci\u00f3n de la ordenanza fiscal reguladora del impuesto sobre bienes inmuebles 2014<\/span>\n\t\t\t\t\t\t\t\t\t\t\t\t\t\t\t\t\t<\/a>\n\t\t\t\t\t<\/div>\n\t<\/div>\n<!-- \/module icon -->\n<!-- module icon -->\n<div  class=\"module module-icon tb_4dx1453  large none icon_horizontal\" data-lazy=\"1\">\n\t\t\t<div class=\"module-icon-item\">\n\t\t\t\t\t\t\t<a href=\"https:\/\/quatretonda.es\/wp-content\/uploads\/2024\/10\/ordenancaadministracioelectronica.pdf\" rel=\"noopener\" target=\"_blank\">\n\t\t\t\t\t\t\t\t\t\t\t\t\t\t\t\t\t<em class=\"tf_box\"\n\t\t\t\t\t\t\t\t\t\t\t\t\t\t\t\t\t><svg  class=\"tf_fa tf-fas-file-arrow-down\" aria-hidden=\"true\"><use href=\"#tf-fas-file-arrow-down\"><\/use><\/svg><\/em>\n\t\t\t\t\t\t\t\t\t\t\t\t\t\t\t\t\t\t\t<span>Ordenanza de registro electr\u00f3nico 2011<\/span>\n\t\t\t\t\t\t\t\t\t\t\t\t\t\t\t\t\t<\/a>\n\t\t\t\t\t<\/div>\n\t<\/div>\n<!-- \/module icon -->\n<!-- module icon -->\n<div  class=\"module module-icon tb_4lws73  large none icon_horizontal\" data-lazy=\"1\">\n\t\t\t<div class=\"module-icon-item\">\n\t\t\t\t\t\t\t<a href=\"https:\/\/quatretonda.es\/wp-content\/uploads\/2024\/10\/aprovaciodefinitivamodificaciotarifesescolainfantil.pdf\" rel=\"noopener\" target=\"_blank\">\n\t\t\t\t\t\t\t\t\t\t\t\t\t\t\t\t\t<em class=\"tf_box\"\n\t\t\t\t\t\t\t\t\t\t\t\t\t\t\t\t\t><svg  class=\"tf_fa tf-fas-file-arrow-down\" aria-hidden=\"true\"><use href=\"#tf-fas-file-arrow-down\"><\/use><\/svg><\/em>\n\t\t\t\t\t\t\t\t\t\t\t\t\t\t\t\t\t\t\t<span>Modificaci\u00f3n de la Ordenanza de las tarifas de servicios en la Escuela Infantil Municipal 2015<\/span>\n\t\t\t\t\t\t\t\t\t\t\t\t\t\t\t\t\t<\/a>\n\t\t\t\t\t<\/div>\n\t<\/div>\n<!-- \/module icon -->\n<!-- module icon -->\n<div  class=\"module module-icon tb_9e9u685  large none icon_horizontal\" data-lazy=\"1\">\n\t\t\t<div class=\"module-icon-item\">\n\t\t\t\t\t\t\t<a href=\"https:\/\/quatretonda.es\/wp-content\/uploads\/2024\/10\/aprovaciodefinitivaordenancapresuspublicsserveidemenjadorescolar.pdf\" rel=\"noopener\" target=\"_blank\">\n\t\t\t\t\t\t\t\t\t\t\t\t\t\t\t\t\t<em class=\"tf_box\"\n\t\t\t\t\t\t\t\t\t\t\t\t\t\t\t\t\t><svg  class=\"tf_fa tf-fas-file-arrow-down\" aria-hidden=\"true\"><use href=\"#tf-fas-file-arrow-down\"><\/use><\/svg><\/em>\n\t\t\t\t\t\t\t\t\t\t\t\t\t\t\t\t\t\t\t<span>Ordenanza de los precios por la prestaci\u00f3n del servicio de comedor en la Escuela Infantil Municipal 2015<\/span>\n\t\t\t\t\t\t\t\t\t\t\t\t\t\t\t\t\t<\/a>\n\t\t\t\t\t<\/div>\n\t<\/div>\n<!-- \/module icon -->\n<!-- module icon -->\n<div  class=\"module module-icon tb_7poo629  large none icon_horizontal\" data-lazy=\"1\">\n\t\t\t<div class=\"module-icon-item\">\n\t\t\t\t\t\t\t<a href=\"https:\/\/quatretonda.es\/wp-content\/uploads\/2024\/10\/aprovaciodefinitivareglamentsconsellssectorials.pdf\" rel=\"noopener\" target=\"_blank\">\n\t\t\t\t\t\t\t\t\t\t\t\t\t\t\t\t\t<em class=\"tf_box\"\n\t\t\t\t\t\t\t\t\t\t\t\t\t\t\t\t\t><svg  class=\"tf_fa tf-fas-file-arrow-down\" aria-hidden=\"true\"><use href=\"#tf-fas-file-arrow-down\"><\/use><\/svg><\/em>\n\t\t\t\t\t\t\t\t\t\t\t\t\t\t\t\t\t\t\t<span>Reglamentos de Organizaci\u00f3n y Funcionamiento de los Consejos Sectoriales 2015<\/span>\n\t\t\t\t\t\t\t\t\t\t\t\t\t\t\t\t\t<\/a>\n\t\t\t\t\t<\/div>\n\t<\/div>\n<!-- \/module icon -->\n<!-- module icon -->\n<div  class=\"module module-icon tb_0nyx650  large none icon_horizontal\" data-lazy=\"1\">\n\t\t\t<div class=\"module-icon-item\">\n\t\t\t\t\t\t\t<a href=\"https:\/\/quatretonda.es\/wp-content\/uploads\/2024\/10\/reglament_consell_promocio_economica_de_quatretonda.pdf\" rel=\"noopener\" target=\"_blank\">\n\t\t\t\t\t\t\t\t\t\t\t\t\t\t\t\t\t<em class=\"tf_box\"\n\t\t\t\t\t\t\t\t\t\t\t\t\t\t\t\t\t><svg  class=\"tf_fa tf-fas-file-arrow-down\" aria-hidden=\"true\"><use href=\"#tf-fas-file-arrow-down\"><\/use><\/svg><\/em>\n\t\t\t\t\t\t\t\t\t\t\t\t\t\t\t\t\t\t\t<span>Reglamento de Organizaci\u00f3n y Funcionamiento del Consejo Econ\u00f3mico y Social 2016<\/span>\n\t\t\t\t\t\t\t\t\t\t\t\t\t\t\t\t\t<\/a>\n\t\t\t\t\t<\/div>\n\t<\/div>\n<!-- \/module icon -->\n<!-- module icon -->\n<div  class=\"module module-icon tb_pxjt59  large none icon_horizontal\" data-lazy=\"1\">\n\t\t\t<div class=\"module-icon-item\">\n\t\t\t\t\t\t\t<a href=\"https:\/\/quatretonda.es\/wp-content\/uploads\/2024\/10\/ordenancareguladoradepreuspublicsprestacioserveisiactvitatsmunicipals.pdf\" rel=\"noopener\" target=\"_blank\">\n\t\t\t\t\t\t\t\t\t\t\t\t\t\t\t\t\t<em class=\"tf_box\"\n\t\t\t\t\t\t\t\t\t\t\t\t\t\t\t\t\t><svg  class=\"tf_fa tf-fas-file-arrow-down\" aria-hidden=\"true\"><use href=\"#tf-fas-file-arrow-down\"><\/use><\/svg><\/em>\n\t\t\t\t\t\t\t\t\t\t\t\t\t\t\t\t\t\t\t<span>Ordenanza de precios p\u00fablicos por la prestaci\u00f3n de servicios y la realizaci\u00f3n de actividades municipales 2016<\/span>\n\t\t\t\t\t\t\t\t\t\t\t\t\t\t\t\t\t<\/a>\n\t\t\t\t\t<\/div>\n\t<\/div>\n<!-- \/module icon -->\n<!-- module icon -->\n<div  class=\"module module-icon tb_6ruy758  large none icon_horizontal\" data-lazy=\"1\">\n\t\t\t<div class=\"module-icon-item\">\n\t\t\t\t\t\t\t<a href=\"https:\/\/quatretonda.es\/wp-content\/uploads\/2024\/10\/ordenanca-completa-ibi.pdf\" rel=\"noopener\" target=\"_blank\">\n\t\t\t\t\t\t\t\t\t\t\t\t\t\t\t\t\t<em class=\"tf_box\"\n\t\t\t\t\t\t\t\t\t\t\t\t\t\t\t\t\t><svg  class=\"tf_fa tf-fas-file-arrow-down\" aria-hidden=\"true\"><use href=\"#tf-fas-file-arrow-down\"><\/use><\/svg><\/em>\n\t\t\t\t\t\t\t\t\t\t\t\t\t\t\t\t\t\t\t<span>ORDENANZA COMPLETA IBI<\/span>\n\t\t\t\t\t\t\t\t\t\t\t\t\t\t\t\t\t<\/a>\n\t\t\t\t\t<\/div>\n\t<\/div>\n<!-- \/module icon -->\n        <\/div>\n                        <\/div>\n        <\/div>\n                        <div  data-lazy=\"1\" class=\"module_row themify_builder_row tb_q6dc347 tf_w\">\n                        <div class=\"row_inner col_align_top tb_col_count_1 tf_box tf_rel\">\n                        <div  data-lazy=\"1\" class=\"module_column tb-column col-full tb_udt2347 first\">\n                    <!-- module text -->\n<div  class=\"module module-text tb_jrdh347\" data-lazy=\"1\">\n        <div  class=\"tb_text_wrap\">\n        <h2>Planes locales<\/h2>    <\/div>\n<\/div>\n<!-- \/module text --><!-- module icon -->\n<div  class=\"module module-icon tb_nlzh347  large none icon_horizontal\" data-lazy=\"1\">\n\t\t\t<div class=\"module-icon-item\">\n\t\t\t\t\t\t\t<a href=\"https:\/\/quatretonda.es\/wp-content\/uploads\/2024\/10\/pla-local-de-cremes.pdf\" rel=\"noopener\" target=\"_blank\">\n\t\t\t\t\t\t\t\t\t\t\t\t\t\t\t\t\t<em class=\"tf_box\"\n\t\t\t\t\t\t\t\t\t\t\t\t\t\t\t\t\t><svg  class=\"tf_fa tf-fas-file-arrow-down\" aria-hidden=\"true\"><use href=\"#tf-fas-file-arrow-down\"><\/use><\/svg><\/em>\n\t\t\t\t\t\t\t\t\t\t\t\t\t\t\t\t\t\t\t<span>Plano local de cremas<\/span>\n\t\t\t\t\t\t\t\t\t\t\t\t\t\t\t\t\t<\/a>\n\t\t\t\t\t<\/div>\n\t<\/div>\n<!-- \/module icon -->\n<!-- module icon -->\n<div  class=\"module module-icon tb_nnnx846  large none icon_horizontal\" data-lazy=\"1\">\n\t\t\t<div class=\"module-icon-item\">\n\t\t\t\t\t\t\t<a href=\"https:\/\/quatretonda.es\/wp-content\/uploads\/2024\/10\/20230509_I-PLA-MUNICIPAL-DIGUALTAT-DE-DONES-I-HOMES-DE-QUATRETONDA-1_0.pdf\" rel=\"noopener\" target=\"_blank\">\n\t\t\t\t\t\t\t\t\t\t\t\t\t\t\t\t\t<em class=\"tf_box\"\n\t\t\t\t\t\t\t\t\t\t\t\t\t\t\t\t\t><svg  class=\"tf_fa tf-fas-file-arrow-down\" aria-hidden=\"true\"><use href=\"#tf-fas-file-arrow-down\"><\/use><\/svg><\/em>\n\t\t\t\t\t\t\t\t\t\t\t\t\t\t\t\t\t\t\t<span>Y PLAN MUNICIPAL DE IGUALDAD DE MUJERES Y HOMBRES DE CUATRETONDA 2019-2022<\/span>\n\t\t\t\t\t\t\t\t\t\t\t\t\t\t\t\t\t<\/a>\n\t\t\t\t\t<\/div>\n\t<\/div>\n<!-- \/module icon -->\n<!-- module icon -->\n<div  class=\"module module-icon tb_mjkn129  large none icon_horizontal\" data-lazy=\"1\">\n\t\t\t<div class=\"module-icon-item\">\n\t\t\t\t\t\t\t<a href=\"https:\/\/quatretonda.es\/wp-content\/uploads\/2024\/10\/20230406_3.-II-PLA-MUNICIPAL-DIGUALTAT-DOPORTUNITATS-DE-DONES-I-HOMES-DE-QUATRETONDA-3_compressed.pdf\" rel=\"noopener\" target=\"_blank\">\n\t\t\t\t\t\t\t\t\t\t\t\t\t\t\t\t\t<em class=\"tf_box\"\n\t\t\t\t\t\t\t\t\t\t\t\t\t\t\t\t\t><svg  class=\"tf_fa tf-fas-file-arrow-down\" aria-hidden=\"true\"><use href=\"#tf-fas-file-arrow-down\"><\/use><\/svg><\/em>\n\t\t\t\t\t\t\t\t\t\t\t\t\t\t\t\t\t\t\t<span>II PLAN MUNICIPAL DE IGUALDAD DE OPORTUNIDADES DE MUJERES Y HOMBRES DE CUATRETONDA 2023-2027<\/span>\n\t\t\t\t\t\t\t\t\t\t\t\t\t\t\t\t\t<\/a>\n\t\t\t\t\t<\/div>\n\t<\/div>\n<!-- \/module icon -->\n        <\/div>\n                        <\/div>\n        <\/div>\n                        <div  data-lazy=\"1\" class=\"module_row themify_builder_row tb_hb4c776 tf_w\">\n                        <div class=\"row_inner col_align_top tb_col_count_1 tf_box tf_rel\">\n                        <div  data-lazy=\"1\" class=\"module_column tb-column col-full tb_5ie3776 first\">\n                    <!-- module text -->\n<div  class=\"module module-text tb_6249776\" data-lazy=\"1\">\n        <div  class=\"tb_text_wrap\">\n        <h2>Urbanismo<\/h2>    <\/div>\n<\/div>\n<!-- \/module text --><!-- module icon -->\n<div  class=\"module module-icon tb_f9tm776  large none icon_horizontal\" data-lazy=\"1\">\n\t\t\t<div class=\"module-icon-item\">\n\t\t\t\t\t\t\t<a href=\"https:\/\/quatretonda.es\/wp-content\/uploads\/2024\/10\/ordenanzasbopn-851998_compressed.pdf\" rel=\"noopener\" target=\"_blank\">\n\t\t\t\t\t\t\t\t\t\t\t\t\t\t\t\t\t<em class=\"tf_box\"\n\t\t\t\t\t\t\t\t\t\t\t\t\t\t\t\t\t><svg  class=\"tf_fa tf-fas-file-arrow-down\" aria-hidden=\"true\"><use href=\"#tf-fas-file-arrow-down\"><\/use><\/svg><\/em>\n\t\t\t\t\t\t\t\t\t\t\t\t\t\t\t\t\t\t\t<span>Ordenanzas bopn-851998<\/span>\n\t\t\t\t\t\t\t\t\t\t\t\t\t\t\t\t\t<\/a>\n\t\t\t\t\t<\/div>\n\t<\/div>\n<!-- \/module icon -->\n<!-- module icon -->\n<div  class=\"module module-icon tb_49fy776  large none icon_horizontal\" data-lazy=\"1\">\n\t\t\t<div class=\"module-icon-item\">\n\t\t\t\t\t\t\t<a href=\"https:\/\/quatretonda.es\/wp-content\/uploads\/2024\/10\/memoria.pdf\" rel=\"noopener\" target=\"_blank\">\n\t\t\t\t\t\t\t\t\t\t\t\t\t\t\t\t\t<em class=\"tf_box\"\n\t\t\t\t\t\t\t\t\t\t\t\t\t\t\t\t\t><svg  class=\"tf_fa tf-fas-file-arrow-down\" aria-hidden=\"true\"><use href=\"#tf-fas-file-arrow-down\"><\/use><\/svg><\/em>\n\t\t\t\t\t\t\t\t\t\t\t\t\t\t\t\t\t\t\t<span>Memoria<\/span>\n\t\t\t\t\t\t\t\t\t\t\t\t\t\t\t\t\t<\/a>\n\t\t\t\t\t<\/div>\n\t<\/div>\n<!-- \/module icon -->\n        <\/div>\n                        <\/div>\n        <\/div>\n                        <div  data-lazy=\"1\" class=\"module_row themify_builder_row tb_ymad578 tf_w\">\n                        <div class=\"row_inner col_align_top tb_col_count_1 tf_box tf_rel\">\n                        <div  data-lazy=\"1\" class=\"module_column tb-column col-full tb_6ngw578 first\">\n                    <!-- module text -->\n<div  class=\"module module-text tb_f8cj578\" data-lazy=\"1\">\n        <div  class=\"tb_text_wrap\">\n        <h2>Perfil del contactante<\/h2>    <\/div>\n<\/div>\n<!-- \/module text --><!-- module icon -->\n<div  class=\"module module-icon tb_213y578  large none icon_horizontal\" data-lazy=\"1\">\n\t\t\t<div class=\"module-icon-item\">\n\t\t\t\t\t\t\t<a href=\"https:\/\/quatretonda.es\/wp-content\/uploads\/2024\/10\/contracte_compressed.pdf\" rel=\"noopener\" target=\"_blank\">\n\t\t\t\t\t\t\t\t\t\t\t\t\t\t\t\t\t<em class=\"tf_box\"\n\t\t\t\t\t\t\t\t\t\t\t\t\t\t\t\t\t><svg  class=\"tf_fa tf-fas-file-arrow-down\" aria-hidden=\"true\"><use href=\"#tf-fas-file-arrow-down\"><\/use><\/svg><\/em>\n\t\t\t\t\t\t\t\t\t\t\t\t\t\t\t\t\t\t\t<span>Mejora de infraestructuras urbanas. Contrato<\/span>\n\t\t\t\t\t\t\t\t\t\t\t\t\t\t\t\t\t<\/a>\n\t\t\t\t\t<\/div>\n\t<\/div>\n<!-- \/module icon -->\n<!-- module icon -->\n<div  class=\"module module-icon tb_1ok2801  large none icon_horizontal\" data-lazy=\"1\">\n\t\t\t<div class=\"module-icon-item\">\n\t\t\t\t\t\t\t<a href=\"https:\/\/quatretonda.es\/wp-content\/uploads\/2024\/10\/pcap.pdf\" rel=\"noopener\" target=\"_blank\">\n\t\t\t\t\t\t\t\t\t\t\t\t\t\t\t\t\t<em class=\"tf_box\"\n\t\t\t\t\t\t\t\t\t\t\t\t\t\t\t\t\t><svg  class=\"tf_fa tf-fas-file-arrow-down\" aria-hidden=\"true\"><use href=\"#tf-fas-file-arrow-down\"><\/use><\/svg><\/em>\n\t\t\t\t\t\t\t\t\t\t\t\t\t\t\t\t\t\t\t<span>Mejora de infraestructuras urbanas. PCAP<\/span>\n\t\t\t\t\t\t\t\t\t\t\t\t\t\t\t\t\t<\/a>\n\t\t\t\t\t<\/div>\n\t<\/div>\n<!-- \/module icon -->\n<!-- module icon -->\n<div  class=\"module module-icon tb_7cae578  large none icon_horizontal\" data-lazy=\"1\">\n\t\t\t<div class=\"module-icon-item\">\n\t\t\t\t\t\t\t<a href=\"https:\/\/quatretonda.es\/wp-content\/uploads\/2024\/10\/decret_adjudicacio.pdf\" rel=\"noopener\" target=\"_blank\">\n\t\t\t\t\t\t\t\t\t\t\t\t\t\t\t\t\t<em class=\"tf_box\"\n\t\t\t\t\t\t\t\t\t\t\t\t\t\t\t\t\t><svg  class=\"tf_fa tf-fas-file-arrow-down\" aria-hidden=\"true\"><use href=\"#tf-fas-file-arrow-down\"><\/use><\/svg><\/em>\n\t\t\t\t\t\t\t\t\t\t\t\t\t\t\t\t\t\t\t<span>Mejora de infraestructuras urbanas. Decreto de adjudicaci\u00f3n<\/span>\n\t\t\t\t\t\t\t\t\t\t\t\t\t\t\t\t\t<\/a>\n\t\t\t\t\t<\/div>\n\t<\/div>\n<!-- \/module icon -->\n<!-- module icon -->\n<div  class=\"module module-icon tb_d92l674  large none icon_horizontal\" data-lazy=\"1\">\n\t\t\t<div class=\"module-icon-item\">\n\t\t\t\t\t\t\t<a href=\"https:\/\/quatretonda.es\/wp-content\/uploads\/2024\/10\/plecs_administratius_pastos_serra.pdf\" rel=\"noopener\" target=\"_blank\">\n\t\t\t\t\t\t\t\t\t\t\t\t\t\t\t\t\t<em class=\"tf_box\"\n\t\t\t\t\t\t\t\t\t\t\t\t\t\t\t\t\t><svg  class=\"tf_fa tf-fas-file-arrow-down\" aria-hidden=\"true\"><use href=\"#tf-fas-file-arrow-down\"><\/use><\/svg><\/em>\n\t\t\t\t\t\t\t\t\t\t\t\t\t\t\t\t\t\t\t<span>Pliegos administrativos adjudicaci\u00f3n pastos sierra (5\/2\/2020)<\/span>\n\t\t\t\t\t\t\t\t\t\t\t\t\t\t\t\t\t<\/a>\n\t\t\t\t\t<\/div>\n\t<\/div>\n<!-- \/module icon -->\n<!-- module icon -->\n<div  class=\"module module-icon tb_2o6o381  large none icon_horizontal\" data-lazy=\"1\">\n\t\t\t<div class=\"module-icon-item\">\n\t\t\t\t\t\t\t<a href=\"https:\/\/quatretonda.es\/wp-content\/uploads\/2024\/10\/relacion_anual_contratos_2019.pdf\" rel=\"noopener\" target=\"_blank\">\n\t\t\t\t\t\t\t\t\t\t\t\t\t\t\t\t\t<em class=\"tf_box\"\n\t\t\t\t\t\t\t\t\t\t\t\t\t\t\t\t\t><svg  class=\"tf_fa tf-fas-file-arrow-down\" aria-hidden=\"true\"><use href=\"#tf-fas-file-arrow-down\"><\/use><\/svg><\/em>\n\t\t\t\t\t\t\t\t\t\t\t\t\t\t\t\t\t\t\t<span>Relaci\u00f3n anual de contratos (26\/02\/2020)<\/span>\n\t\t\t\t\t\t\t\t\t\t\t\t\t\t\t\t\t<\/a>\n\t\t\t\t\t<\/div>\n\t<\/div>\n<!-- \/module icon -->\n<!-- module icon -->\n<div  class=\"module module-icon tb_2ckn204  large none icon_horizontal\" data-lazy=\"1\">\n\t\t\t<div class=\"module-icon-item\">\n\t\t\t\t\t\t\t<a href=\"https:\/\/quatretonda.es\/wp-content\/uploads\/2024\/10\/doc20200529173546pcapyppt.pdf\" rel=\"noopener\" target=\"_blank\">\n\t\t\t\t\t\t\t\t\t\t\t\t\t\t\t\t\t<em class=\"tf_box\"\n\t\t\t\t\t\t\t\t\t\t\t\t\t\t\t\t\t><svg  class=\"tf_fa tf-fas-file-arrow-down\" aria-hidden=\"true\"><use href=\"#tf-fas-file-arrow-down\"><\/use><\/svg><\/em>\n\t\t\t\t\t\t\t\t\t\t\t\t\t\t\t\t\t\t\t<span>Pliego contrato mantenimiento alumbrado y magafon\u00eda (01\/06\/2020)<\/span>\n\t\t\t\t\t\t\t\t\t\t\t\t\t\t\t\t\t<\/a>\n\t\t\t\t\t<\/div>\n\t<\/div>\n<!-- \/module icon -->\n<!-- module icon -->\n<div  class=\"module module-icon tb_e4hs979  large none icon_horizontal\" data-lazy=\"1\">\n\t\t\t<div class=\"module-icon-item\">\n\t\t\t\t\t\t\t<a href=\"https:\/\/quatretonda.es\/wp-content\/uploads\/2024\/10\/6._acta_mesa_apertura_de_sobres.pdf\" rel=\"noopener\" target=\"_blank\">\n\t\t\t\t\t\t\t\t\t\t\t\t\t\t\t\t\t<em class=\"tf_box\"\n\t\t\t\t\t\t\t\t\t\t\t\t\t\t\t\t\t><svg  class=\"tf_fa tf-fas-file-arrow-down\" aria-hidden=\"true\"><use href=\"#tf-fas-file-arrow-down\"><\/use><\/svg><\/em>\n\t\t\t\t\t\t\t\t\t\t\t\t\t\t\t\t\t\t\t<span>Acta licitaci\u00f3n peluquer\u00eda centro social<\/span>\n\t\t\t\t\t\t\t\t\t\t\t\t\t\t\t\t\t<\/a>\n\t\t\t\t\t<\/div>\n\t<\/div>\n<!-- \/module icon -->\n<!-- module icon -->\n<div  class=\"module module-icon tb_l3x7573  large none icon_horizontal\" data-lazy=\"1\">\n\t\t\t<div class=\"module-icon-item\">\n\t\t\t\t\t\t\t<a href=\"https:\/\/quatretonda.es\/wp-content\/uploads\/2024\/10\/DOC_PIN2021-554908.pdf\" rel=\"noopener\" target=\"_blank\">\n\t\t\t\t\t\t\t\t\t\t\t\t\t\t\t\t\t<em class=\"tf_box\"\n\t\t\t\t\t\t\t\t\t\t\t\t\t\t\t\t\t><svg  class=\"tf_fa tf-fas-file-arrow-down\" aria-hidden=\"true\"><use href=\"#tf-fas-file-arrow-down\"><\/use><\/svg><\/em>\n\t\t\t\t\t\t\t\t\t\t\t\t\t\t\t\t\t\t\t<span>Edificio polideportivo. Anuncio previo plataforma contrataci\u00f3n<\/span>\n\t\t\t\t\t\t\t\t\t\t\t\t\t\t\t\t\t<\/a>\n\t\t\t\t\t<\/div>\n\t<\/div>\n<!-- \/module icon -->\n<!-- module icon -->\n<div  class=\"module module-icon tb_vwz1526  large none icon_horizontal\" data-lazy=\"1\">\n\t\t\t<div class=\"module-icon-item\">\n\t\t\t\t\t\t\t<a href=\"https:\/\/quatretonda.es\/wp-content\/uploads\/2024\/10\/DOC_CD2021-556418.pdf\" rel=\"noopener\" target=\"_blank\">\n\t\t\t\t\t\t\t\t\t\t\t\t\t\t\t\t\t<em class=\"tf_box\"\n\t\t\t\t\t\t\t\t\t\t\t\t\t\t\t\t\t><svg  class=\"tf_fa tf-fas-file-arrow-down\" aria-hidden=\"true\"><use href=\"#tf-fas-file-arrow-down\"><\/use><\/svg><\/em>\n\t\t\t\t\t\t\t\t\t\t\t\t\t\t\t\t\t\t\t<span>Edificio polideportivo. Datos contrato<\/span>\n\t\t\t\t\t\t\t\t\t\t\t\t\t\t\t\t\t<\/a>\n\t\t\t\t\t<\/div>\n\t<\/div>\n<!-- \/module icon -->\n<!-- module icon -->\n<div  class=\"module module-icon tb_9tnv931  large none icon_horizontal\" data-lazy=\"1\">\n\t\t\t<div class=\"module-icon-item\">\n\t\t\t\t\t\t\t<a href=\"https:\/\/quatretonda.es\/wp-content\/uploads\/2024\/10\/DOC20210129111737proyecto.pdf\" rel=\"noopener\" target=\"_blank\">\n\t\t\t\t\t\t\t\t\t\t\t\t\t\t\t\t\t<em class=\"tf_box\"\n\t\t\t\t\t\t\t\t\t\t\t\t\t\t\t\t\t><svg  class=\"tf_fa tf-fas-file-arrow-down\" aria-hidden=\"true\"><use href=\"#tf-fas-file-arrow-down\"><\/use><\/svg><\/em>\n\t\t\t\t\t\t\t\t\t\t\t\t\t\t\t\t\t\t\t<span>Edificio polideportivo.<\/span>\n\t\t\t\t\t\t\t\t\t\t\t\t\t\t\t\t\t<\/a>\n\t\t\t\t\t<\/div>\n\t<\/div>\n<!-- \/module icon -->\n<!-- module icon -->\n<div  class=\"module module-icon tb_xnxz992  large none icon_horizontal\" data-lazy=\"1\">\n\t\t\t<div class=\"module-icon-item\">\n\t\t\t\t\t\t\t<a href=\"https:\/\/quatretonda.es\/wp-content\/uploads\/2024\/10\/DOC20210129111609PCAP.pdf\" rel=\"noopener\" target=\"_blank\">\n\t\t\t\t\t\t\t\t\t\t\t\t\t\t\t\t\t<em class=\"tf_box\"\n\t\t\t\t\t\t\t\t\t\t\t\t\t\t\t\t\t><svg  class=\"tf_fa tf-fas-file-arrow-down\" aria-hidden=\"true\"><use href=\"#tf-fas-file-arrow-down\"><\/use><\/svg><\/em>\n\t\t\t\t\t\t\t\t\t\t\t\t\t\t\t\t\t\t\t<span>Edificio polideportivo.<\/span>\n\t\t\t\t\t\t\t\t\t\t\t\t\t\t\t\t\t<\/a>\n\t\t\t\t\t<\/div>\n\t<\/div>\n<!-- \/module icon -->\n<!-- module icon -->\n<div  class=\"module module-icon tb_qcsg973  large none icon_horizontal\" data-lazy=\"1\">\n\t\t\t<div class=\"module-icon-item\">\n\t\t\t\t\t\t\t<a href=\"https:\/\/quatretonda.es\/wp-content\/uploads\/2024\/10\/DOC20210129111552PPT_.pdf\" rel=\"noopener\" target=\"_blank\">\n\t\t\t\t\t\t\t\t\t\t\t\t\t\t\t\t\t<em class=\"tf_box\"\n\t\t\t\t\t\t\t\t\t\t\t\t\t\t\t\t\t><svg  class=\"tf_fa tf-fas-file-arrow-down\" aria-hidden=\"true\"><use href=\"#tf-fas-file-arrow-down\"><\/use><\/svg><\/em>\n\t\t\t\t\t\t\t\t\t\t\t\t\t\t\t\t\t\t\t<span>Edificio polideportivo. Pliego cl\u00e1usulas t\u00e9cnicas<\/span>\n\t\t\t\t\t\t\t\t\t\t\t\t\t\t\t\t\t<\/a>\n\t\t\t\t\t<\/div>\n\t<\/div>\n<!-- \/module icon -->\n<!-- module icon -->\n<div  class=\"module module-icon tb_w6v3352  large none icon_horizontal\" data-lazy=\"1\">\n\t\t\t<div class=\"module-icon-item\">\n\t\t\t\t\t\t\t<a href=\"https:\/\/quatretonda.es\/wp-content\/uploads\/2024\/10\/PCSP-MILLORA-CICLE-INTEGRAL-DE-LAIGUA.pdf\" rel=\"noopener\" target=\"_blank\">\n\t\t\t\t\t\t\t\t\t\t\t\t\t\t\t\t\t<em class=\"tf_box\"\n\t\t\t\t\t\t\t\t\t\t\t\t\t\t\t\t\t><svg  class=\"tf_fa tf-fas-file-arrow-down\" aria-hidden=\"true\"><use href=\"#tf-fas-file-arrow-down\"><\/use><\/svg><\/em>\n\t\t\t\t\t\t\t\t\t\t\t\t\t\t\t\t\t\t\t<span>Mejora ciclo integral del agua<\/span>\n\t\t\t\t\t\t\t\t\t\t\t\t\t\t\t\t\t<\/a>\n\t\t\t\t\t<\/div>\n\t<\/div>\n<!-- \/module icon -->\n<!-- module icon -->\n<div  class=\"module module-icon tb_q0q6805  large none icon_horizontal\" data-lazy=\"1\">\n\t\t\t<div class=\"module-icon-item\">\n\t\t\t\t\t\t\t<a href=\"https:\/\/quatretonda.es\/wp-content\/uploads\/2024\/10\/PLACSE-CAMI-.pdf\" rel=\"noopener\" target=\"_blank\">\n\t\t\t\t\t\t\t\t\t\t\t\t\t\t\t\t\t<em class=\"tf_box\"\n\t\t\t\t\t\t\t\t\t\t\t\t\t\t\t\t\t><svg  class=\"tf_fa tf-fas-file-arrow-down\" aria-hidden=\"true\"><use href=\"#tf-fas-file-arrow-down\"><\/use><\/svg><\/em>\n\t\t\t\t\t\t\t\t\t\t\t\t\t\t\t\t\t\t\t<span>Camino sierra y bajada fuente de mahicas<\/span>\n\t\t\t\t\t\t\t\t\t\t\t\t\t\t\t\t\t<\/a>\n\t\t\t\t\t<\/div>\n\t<\/div>\n<!-- \/module icon -->\n<!-- module icon -->\n<div  class=\"module module-icon tb_npp8749  large none icon_horizontal\" data-lazy=\"1\">\n\t\t\t<div class=\"module-icon-item\">\n\t\t\t\t\t\t\t<a href=\"https:\/\/quatretonda.es\/wp-content\/uploads\/2024\/10\/anunci-ninxos.pdf\" rel=\"noopener\" target=\"_blank\">\n\t\t\t\t\t\t\t\t\t\t\t\t\t\t\t\t\t<em class=\"tf_box\"\n\t\t\t\t\t\t\t\t\t\t\t\t\t\t\t\t\t><svg  class=\"tf_fa tf-fas-file-arrow-down\" aria-hidden=\"true\"><use href=\"#tf-fas-file-arrow-down\"><\/use><\/svg><\/em>\n\t\t\t\t\t\t\t\t\t\t\t\t\t\t\t\t\t\t\t<span>Nichos cementerio municipal<\/span>\n\t\t\t\t\t\t\t\t\t\t\t\t\t\t\t\t\t<\/a>\n\t\t\t\t\t<\/div>\n\t<\/div>\n<!-- \/module icon -->\n<!-- module icon -->\n<div  class=\"module module-icon tb_8c0o807  large none icon_horizontal\" data-lazy=\"1\">\n\t\t\t<div class=\"module-icon-item\">\n\t\t\t\t\t\t\t<a href=\"https:\/\/quatretonda.es\/wp-content\/uploads\/2024\/10\/ANUNCIO-PLACSE.pdf\" rel=\"noopener\" target=\"_blank\">\n\t\t\t\t\t\t\t\t\t\t\t\t\t\t\t\t\t<em class=\"tf_box\"\n\t\t\t\t\t\t\t\t\t\t\t\t\t\t\t\t\t><svg  class=\"tf_fa tf-fas-file-arrow-down\" aria-hidden=\"true\"><use href=\"#tf-fas-file-arrow-down\"><\/use><\/svg><\/em>\n\t\t\t\t\t\t\t\t\t\t\t\t\t\t\t\t\t\t\t<span>Aprovechamientos ap\u00edcolas<\/span>\n\t\t\t\t\t\t\t\t\t\t\t\t\t\t\t\t\t<\/a>\n\t\t\t\t\t<\/div>\n\t<\/div>\n<!-- \/module icon -->\n<!-- module icon -->\n<div  class=\"module module-icon tb_vq5x572  large none icon_horizontal\" data-lazy=\"1\">\n\t\t\t<div class=\"module-icon-item\">\n\t\t\t\t\t\t\t<a href=\"https:\/\/quatretonda.es\/wp-content\/uploads\/2024\/10\/DOC20211115115203PLECADMINISTRATIVASPASTOS_0.pdf\" rel=\"noopener\" target=\"_blank\">\n\t\t\t\t\t\t\t\t\t\t\t\t\t\t\t\t\t<em class=\"tf_box\"\n\t\t\t\t\t\t\t\t\t\t\t\t\t\t\t\t\t><svg  class=\"tf_fa tf-fas-file-arrow-down\" aria-hidden=\"true\"><use href=\"#tf-fas-file-arrow-down\"><\/use><\/svg><\/em>\n\t\t\t\t\t\t\t\t\t\t\t\t\t\t\t\t\t\t\t<span>Pastos. Cl\u00e1usulas administrativas<\/span>\n\t\t\t\t\t\t\t\t\t\t\t\t\t\t\t\t\t<\/a>\n\t\t\t\t\t<\/div>\n\t<\/div>\n<!-- \/module icon -->\n<!-- module icon -->\n<div  class=\"module module-icon tb_ni0367  large none icon_horizontal\" data-lazy=\"1\">\n\t\t\t<div class=\"module-icon-item\">\n\t\t\t\t\t\t\t<a href=\"https:\/\/quatretonda.es\/wp-content\/uploads\/2024\/10\/DOC20211115115147PLECTECNIQUESPASTOS_0.pdf\" rel=\"noopener\" target=\"_blank\">\n\t\t\t\t\t\t\t\t\t\t\t\t\t\t\t\t\t<em class=\"tf_box\"\n\t\t\t\t\t\t\t\t\t\t\t\t\t\t\t\t\t><svg  class=\"tf_fa tf-fas-file-arrow-down\" aria-hidden=\"true\"><use href=\"#tf-fas-file-arrow-down\"><\/use><\/svg><\/em>\n\t\t\t\t\t\t\t\t\t\t\t\t\t\t\t\t\t\t\t<span>Pastos. Cl\u00e1sulas t\u00e9cnicas<\/span>\n\t\t\t\t\t\t\t\t\t\t\t\t\t\t\t\t\t<\/a>\n\t\t\t\t\t<\/div>\n\t<\/div>\n<!-- \/module icon -->\n<!-- module icon -->\n<div  class=\"module module-icon tb_sf8p671  large none icon_horizontal\" data-lazy=\"1\">\n\t\t\t<div class=\"module-icon-item\">\n\t\t\t\t\t\t\t<a href=\"https:\/\/quatretonda.es\/wp-content\/uploads\/2024\/10\/20220627_Contracte_Plec-de-clausules_PLEC-BAR-CENTRE-SOCIAL-2022.pdf\" rel=\"noopener\" target=\"_blank\">\n\t\t\t\t\t\t\t\t\t\t\t\t\t\t\t\t\t<em class=\"tf_box\"\n\t\t\t\t\t\t\t\t\t\t\t\t\t\t\t\t\t><svg  class=\"tf_fa tf-fas-file-arrow-down\" aria-hidden=\"true\"><use href=\"#tf-fas-file-arrow-down\"><\/use><\/svg><\/em>\n\t\t\t\t\t\t\t\t\t\t\t\t\t\t\t\t\t\t\t<span>BAR CENTRO SOCIAL. PLIEGO<\/span>\n\t\t\t\t\t\t\t\t\t\t\t\t\t\t\t\t\t<\/a>\n\t\t\t\t\t<\/div>\n\t<\/div>\n<!-- \/module icon -->\n<!-- module icon -->\n<div  class=\"module module-icon tb_jluk189  large none icon_horizontal\" data-lazy=\"1\">\n\t\t\t<div class=\"module-icon-item\">\n\t\t\t\t\t\t\t<a href=\"https:\/\/quatretonda.es\/wp-content\/uploads\/2024\/10\/20220627_Comunicacio_Convocatoria_5.-ANUNCI-LICITACIO.pdf\" rel=\"noopener\" target=\"_blank\">\n\t\t\t\t\t\t\t\t\t\t\t\t\t\t\t\t\t<em class=\"tf_box\"\n\t\t\t\t\t\t\t\t\t\t\t\t\t\t\t\t\t><svg  class=\"tf_fa tf-fas-file-arrow-down\" aria-hidden=\"true\"><use href=\"#tf-fas-file-arrow-down\"><\/use><\/svg><\/em>\n\t\t\t\t\t\t\t\t\t\t\t\t\t\t\t\t\t\t\t<span>BAR CENTRO SOCIAL.<\/span>\n\t\t\t\t\t\t\t\t\t\t\t\t\t\t\t\t\t<\/a>\n\t\t\t\t\t<\/div>\n\t<\/div>\n<!-- \/module icon -->\n        <\/div>\n                        <\/div>\n        <\/div>\n                        <div  data-lazy=\"1\" class=\"module_row themify_builder_row tb_h47w137 tf_w\">\n                        <div class=\"row_inner col_align_top tb_col_count_1 tf_box tf_rel\">\n                        <div  data-lazy=\"1\" class=\"module_column tb-column col-full tb_520u137 first\">\n                    <!-- module text -->\n<div  class=\"module module-text tb_ywbk137\" data-lazy=\"1\">\n        <div  class=\"tb_text_wrap\">\n        <h2>Pago a proveedores<\/h2>    <\/div>\n<\/div>\n<!-- \/module text --><!-- module image -->\n<div  class=\"module module-image tb_ntlm45 image-top   auto_fullwidth tf_mw\" data-lazy=\"1\">\n        <div class=\"image-wrap tf_rel tf_mw\">\n            <img loading=\"lazy\" decoding=\"async\" width=\"1060\" height=\"3097\" src=\"https:\/\/quatretonda.es\/wp-content\/uploads\/2024\/10\/screencapture-quatretonda-es-pagina-periodo-medio-pago-proveedores-2024-10-09-03_26_23-1.png\" class=\"wp-post-image wp-image-922\" title=\"screencapture-quatretonda-es-pagina-periodo-medio-pago-proveedores-2024-10-09-03_26_23\" alt=\"screencapture-quatretonda-es-pagina-periodo-medio-pago-proveedores-2024-10-09-03_26_23\" srcset=\"https:\/\/quatretonda.es\/wp-content\/uploads\/2024\/10\/screencapture-quatretonda-es-pagina-periodo-medio-pago-proveedores-2024-10-09-03_26_23-1.png 1060w, https:\/\/quatretonda.es\/wp-content\/uploads\/2024\/10\/screencapture-quatretonda-es-pagina-periodo-medio-pago-proveedores-2024-10-09-03_26_23-1-103x300.png 103w, https:\/\/quatretonda.es\/wp-content\/uploads\/2024\/10\/screencapture-quatretonda-es-pagina-periodo-medio-pago-proveedores-2024-10-09-03_26_23-1-350x1024.png 350w, https:\/\/quatretonda.es\/wp-content\/uploads\/2024\/10\/screencapture-quatretonda-es-pagina-periodo-medio-pago-proveedores-2024-10-09-03_26_23-1-768x2244.png 768w, https:\/\/quatretonda.es\/wp-content\/uploads\/2024\/10\/screencapture-quatretonda-es-pagina-periodo-medio-pago-proveedores-2024-10-09-03_26_23-1-526x1536.png 526w, https:\/\/quatretonda.es\/wp-content\/uploads\/2024\/10\/screencapture-quatretonda-es-pagina-periodo-medio-pago-proveedores-2024-10-09-03_26_23-1-701x2048.png 701w, https:\/\/quatretonda.es\/wp-content\/uploads\/2024\/10\/screencapture-quatretonda-es-pagina-periodo-medio-pago-proveedores-2024-10-09-03_26_23-1-4x12.png 4w\" sizes=\"auto, (max-width: 1060px) 100vw, 1060px\" \/>    \n        <\/div>\n    <!-- \/image-wrap -->\n    \n        <\/div>\n<!-- \/module image -->        <\/div>\n                        <\/div>\n        <\/div>\n        <\/div>\n<!--\/themify_builder_content-->\n\n\n<p><\/p>","protected":false},"excerpt":{"rendered":"","protected":false},"author":1,"featured_media":0,"parent":778,"menu_order":0,"comment_status":"closed","ping_status":"closed","template":"","meta":{"footnotes":""},"class_list":["post-877","page","type-page","status-publish","hentry","has-post-title","has-post-date","has-post-category","has-post-tag","has-post-comment","has-post-author",""],"builder_content":"<h1>Documentaci\u00f3<\/h1>\n<h2>Inst\u00e0ncies<\/h2>\n<a href=\"https:\/\/quatretonda.es\/wp-content\/uploads\/2024\/10\/instancia-general_ajuntament-quatretonda-AMB-PROTECCIO-DE-DADES.pdf\" rel=\"noopener\" target=\"_blank\"> <em ><svg aria-hidden=\"true\"><use href=\"#tf-fas-file-arrow-down\"><\/use><\/svg><\/em> Inst\u00e0ncia general <\/a>\n<a href=\"https:\/\/quatretonda.es\/wp-content\/uploads\/2024\/10\/ivtmdevolucio.pdf\" rel=\"noopener\" target=\"_blank\"> <em ><svg aria-hidden=\"true\"><use href=\"#tf-fas-file-arrow-down\"><\/use><\/svg><\/em> IVTM devoluci\u00f3 <\/a>\n<a href=\"https:\/\/quatretonda.es\/wp-content\/uploads\/2024\/10\/solicitudcompatibilidadurbanistica.pdf\" rel=\"noopener\" target=\"_blank\"> <em ><svg aria-hidden=\"true\"><use href=\"#tf-fas-file-arrow-down\"><\/use><\/svg><\/em> Solicitud compatibilidad urbanistica <\/a>\n<a href=\"https:\/\/quatretonda.es\/wp-content\/uploads\/2024\/10\/declaracioresponsable1aocupacio.pdf\" rel=\"noopener\" target=\"_blank\"> <em ><svg aria-hidden=\"true\"><use href=\"#tf-fas-file-arrow-down\"><\/use><\/svg><\/em> Declaraci\u00f3 responsable a ocupaci\u00f3 <\/a>\n<a href=\"https:\/\/quatretonda.es\/wp-content\/uploads\/2024\/10\/comunicacioprevia2aocupacio.pdf\" rel=\"noopener\" target=\"_blank\"> <em ><svg aria-hidden=\"true\"><use href=\"#tf-fas-file-arrow-down\"><\/use><\/svg><\/em> Comunicaci\u00f3 previa a ocupaci\u00f3 <\/a>\n<a href=\"https:\/\/quatretonda.es\/wp-content\/uploads\/2024\/10\/solmercatnousvenedors.pdf\" rel=\"noopener\" target=\"_blank\"> <em ><svg aria-hidden=\"true\"><use href=\"#tf-fas-file-arrow-down\"><\/use><\/svg><\/em> Sol mercat nous venedors <\/a>\n<a href=\"https:\/\/quatretonda.es\/wp-content\/uploads\/2024\/10\/solrenovaciomercat.pdf\" rel=\"noopener\" target=\"_blank\"> <em ><svg aria-hidden=\"true\"><use href=\"#tf-fas-file-arrow-down\"><\/use><\/svg><\/em> Sol renovaci\u00f3 mercat <\/a>\n<a href=\"https:\/\/quatretonda.es\/wp-content\/uploads\/2024\/10\/permis_per_a_crema.pdf\" rel=\"noopener\" target=\"_blank\"> <em ><svg aria-hidden=\"true\"><use href=\"#tf-fas-file-arrow-down\"><\/use><\/svg><\/em> Permis per a crema <\/a>\n<a href=\"https:\/\/quatretonda.es\/wp-content\/uploads\/2024\/10\/sollcitudinfomeurbanisticmunicipal.pdf\" rel=\"noopener\" target=\"_blank\"> <em ><svg aria-hidden=\"true\"><use href=\"#tf-fas-file-arrow-down\"><\/use><\/svg><\/em> Sol\u00b7licitud infome urbanistic municipal <\/a>\n<a href=\"https:\/\/quatretonda.es\/wp-content\/uploads\/2024\/10\/SOL\u00b7LICITUD-LLICENCIA-OBRES-PER-IMPRIMIR.pdf\" rel=\"noopener\" target=\"_blank\"> <em ><svg aria-hidden=\"true\"><use href=\"#tf-fas-file-arrow-down\"><\/use><\/svg><\/em> Llic\u00e8ncia d'obres <\/a>\n<a href=\"https:\/\/quatretonda.es\/wp-content\/uploads\/2024\/10\/SOL\u00b7LICITUD-GUAL-PERMANENT.pdf\" rel=\"noopener\" target=\"_blank\"> <em ><svg aria-hidden=\"true\"><use href=\"#tf-fas-file-arrow-down\"><\/use><\/svg><\/em> Gual permanent <\/a>\n<a href=\"https:\/\/quatretonda.es\/wp-content\/uploads\/2024\/10\/04-IVTM_Solicit_Beneficis-Fiscals_valencia.pdf\" rel=\"noopener\" target=\"_blank\"> <em ><svg aria-hidden=\"true\"><use href=\"#tf-fas-file-arrow-down\"><\/use><\/svg><\/em> Sol\u00b7licitud d'exempci\u00f3 IVTM <\/a>\n<a href=\"https:\/\/quatretonda.es\/wp-content\/uploads\/2024\/10\/AUTORITZACIO-EMPADRONAMENT.pdf\" rel=\"noopener\" target=\"_blank\"> <em ><svg aria-hidden=\"true\"><use href=\"#tf-fas-file-arrow-down\"><\/use><\/svg><\/em> Autoritzaci\u00f3 empadronament <\/a>\n<a href=\"https:\/\/quatretonda.es\/wp-content\/uploads\/2024\/10\/SOL\u00b7LICITUD-CANVI-DE-TITULARITAT.pdf\" rel=\"noopener\" target=\"_blank\"> <em ><svg aria-hidden=\"true\"><use href=\"#tf-fas-file-arrow-down\"><\/use><\/svg><\/em> Sol\u00b7licitud canvi titularitat activitats <\/a>\n<a href=\"https:\/\/quatretonda.es\/wp-content\/uploads\/2024\/10\/DERE-SOL\u00b7LICITUD-LLICENCIA-PRIMERA-I-SUCCESSIVA-OCUPACIO.pdf\" rel=\"noopener\" target=\"_blank\"> <em ><svg aria-hidden=\"true\"><use href=\"#tf-fas-file-arrow-down\"><\/use><\/svg><\/em> Sol\u00b7licitud primera i successiva ocupaci\u00f3 <\/a>\n<a href=\"https:\/\/quatretonda.es\/wp-content\/uploads\/2024\/10\/DECLARACIO-RESPONSABLE-MENORS.pdf\" rel=\"noopener\" target=\"_blank\"> <em ><svg aria-hidden=\"true\"><use href=\"#tf-fas-file-arrow-down\"><\/use><\/svg><\/em> Declaraci\u00f3 responsable menors canvi de domicili <\/a>\n<a href=\"https:\/\/quatretonda.es\/wp-content\/uploads\/2024\/10\/DERE-EXECUCIO-DOBRES-DE-REFOMA-DEDIFICISCONSTRUCCIONS-O-INST.-I-OBRES-MENORS.pdf\" rel=\"noopener\" target=\"_blank\"> <em ><svg aria-hidden=\"true\"><use href=\"#tf-fas-file-arrow-down\"><\/use><\/svg><\/em> Declaraci\u00f3 execuci\u00f3 d'obres de reforma d'edificis, construccions o inst i obres menors <\/a>\n<a href=\"https:\/\/quatretonda.es\/wp-content\/uploads\/2024\/10\/SOL\u00b7LICITUD-DE-RENOVACIO-DE-LA-INSCRIPCIO-PATRONAL-PER-A-ESTRANGERS-PER-REPRESENTANT.pdf\" rel=\"noopener\" target=\"_blank\"> <em ><svg aria-hidden=\"true\"><use href=\"#tf-fas-file-arrow-down\"><\/use><\/svg><\/em> SOL\u00b7LICITUD DE RENOVACI\u00d3 DE LA INSCRIPCI\u00d3 PATRONAL PER A ESTRANGERS NO COMUNITARIS <\/a>\n<a href=\"https:\/\/quatretonda.es\/wp-content\/uploads\/2024\/10\/SOL\u00b7LICITUD-DE-RENOVACIO-DE-LA-INSCRIPCIO-PATRONAL-PER-A-ESTRANGERS.pdf\" rel=\"noopener\" target=\"_blank\"> <em ><svg aria-hidden=\"true\"><use href=\"#tf-fas-file-arrow-down\"><\/use><\/svg><\/em> Sol\u00b7licitud de renovaci\u00f3 de la inscripci\u00f3 patronal per a estrangers <\/a>\n<a href=\"https:\/\/quatretonda.es\/wp-content\/uploads\/2024\/10\/SOL.LICITUD-CANVI-DOMICILI.pdf\" rel=\"noopener\" target=\"_blank\"> <em ><svg aria-hidden=\"true\"><use href=\"#tf-fas-file-arrow-down\"><\/use><\/svg><\/em> Sol\u00b7licitud canvi de domicili <\/a>\n<a href=\"https:\/\/quatretonda.es\/wp-content\/uploads\/2024\/10\/SOL.LICITUD-DALTA-PADRO.pdf\" rel=\"noopener\" target=\"_blank\"> <em ><svg aria-hidden=\"true\"><use href=\"#tf-fas-file-arrow-down\"><\/use><\/svg><\/em> Sol\u00b7licitud d'alta d'empadronament <\/a>\n<a href=\"https:\/\/quatretonda.es\/wp-content\/uploads\/2024\/10\/DECLARACIO-RESPONSABLE-MENORS-AMB-CUSTODIA.pdf\" rel=\"noopener\" target=\"_blank\"> <em ><svg aria-hidden=\"true\"><use href=\"#tf-fas-file-arrow-down\"><\/use><\/svg><\/em> Declaraci\u00f3 responsable menors amb cust\u00f2dia <\/a>\n<a href=\"https:\/\/quatretonda.es\/wp-content\/uploads\/2024\/10\/DECLARACIO-RESPONSABLE-MENORS-SENSE-CONSENTIMENT.pdf\" rel=\"noopener\" target=\"_blank\"> <em ><svg aria-hidden=\"true\"><use href=\"#tf-fas-file-arrow-down\"><\/use><\/svg><\/em> Declaraci\u00f3 responsable menors sense consentiment <\/a>\n<a href=\"https:\/\/quatretonda.es\/wp-content\/uploads\/2024\/10\/Solicitud_fraccionament_de_deute_tributari_sense_garantia.pdf\" rel=\"noopener\" target=\"_blank\"> <em ><svg aria-hidden=\"true\"><use href=\"#tf-fas-file-arrow-down\"><\/use><\/svg><\/em> Sol\u00b7licitud fraccionament de deute tributari sense garantia <\/a>\n<a href=\"https:\/\/quatretonda.es\/wp-content\/uploads\/2024\/10\/SOL\u00b7LICITUD-BENEFICIS-FISCALS-IAE.pdf\" rel=\"noopener\" target=\"_blank\"> <em ><svg aria-hidden=\"true\"><use href=\"#tf-fas-file-arrow-down\"><\/use><\/svg><\/em> Sol\u00b7licitud beneficis fiscals IAE <\/a>\n<a href=\"https:\/\/quatretonda.es\/wp-content\/uploads\/2024\/10\/SOL\u00b7LICITUD-BENEFICIS-FISCALS-IBI.pdf\" rel=\"noopener\" target=\"_blank\"> <em ><svg aria-hidden=\"true\"><use href=\"#tf-fas-file-arrow-down\"><\/use><\/svg><\/em> Sol\u00b7licitud beneficis fiscals IBI <\/a>\n<a href=\"https:\/\/quatretonda.es\/wp-content\/uploads\/2024\/10\/SOL\u00b7LICITUD-BENEFICI-FISCAL-TAXA-DE-RECOLLIDA-DE-FEM.pdf\" rel=\"noopener\" target=\"_blank\"> <em ><svg aria-hidden=\"true\"><use href=\"#tf-fas-file-arrow-down\"><\/use><\/svg><\/em> Sol\u00b7licitud benefici fiscal taxa de recollida de fem <\/a>\n<a href=\"https:\/\/quatretonda.es\/wp-content\/uploads\/2024\/10\/06-Model-normalitzat_CORRECCIO_ERRORS.pdf\" rel=\"noopener\" target=\"_blank\"> <em ><svg aria-hidden=\"true\"><use href=\"#tf-fas-file-arrow-down\"><\/use><\/svg><\/em> Sol\u00b7licitud correcci\u00f3 d'errors <\/a>\n<a href=\"https:\/\/quatretonda.es\/wp-content\/uploads\/2024\/10\/Sollicitud-devolucio-dingresos.pdf\" rel=\"noopener\" target=\"_blank\"> <em ><svg aria-hidden=\"true\"><use href=\"#tf-fas-file-arrow-down\"><\/use><\/svg><\/em> Sol\u00b7licitud devoluci\u00f3 d'ingresos <\/a>\n<a href=\"https:\/\/quatretonda.es\/wp-content\/uploads\/2024\/10\/Sollicitud-de-suspensio-deute-tributari.pdf\" rel=\"noopener\" target=\"_blank\"> <em ><svg aria-hidden=\"true\"><use href=\"#tf-fas-file-arrow-down\"><\/use><\/svg><\/em> Sol\u00b7licitud de suspensi\u00f3 deute tributari <\/a>\n<a href=\"https:\/\/quatretonda.es\/wp-content\/uploads\/2024\/10\/Sollicitud-de-domiciliacio-bancaria-de-tributs.pdf\" rel=\"noopener\" target=\"_blank\"> <em ><svg aria-hidden=\"true\"><use href=\"#tf-fas-file-arrow-down\"><\/use><\/svg><\/em> Sol\u00b7licitud de domiciliaci\u00f3 banc\u00e0ria de tributs <\/a>\n<a href=\"https:\/\/quatretonda.es\/wp-content\/uploads\/2024\/10\/Recurs-de-reposicio-executiva.pdf\" rel=\"noopener\" target=\"_blank\"> <em ><svg aria-hidden=\"true\"><use href=\"#tf-fas-file-arrow-down\"><\/use><\/svg><\/em> Recurs de reposici\u00f3 executiva <\/a>\n<a href=\"https:\/\/quatretonda.es\/wp-content\/uploads\/2024\/10\/Sol-disconformitat-taxa-de-tractament-residus-urbans_compressed.pdf\" rel=\"noopener\" target=\"_blank\"> <em ><svg aria-hidden=\"true\"><use href=\"#tf-fas-file-arrow-down\"><\/use><\/svg><\/em> Sol\u00b7licitud disconformitat de tractament de residus urbans <\/a>\n<a href=\"https:\/\/quatretonda.es\/wp-content\/uploads\/2024\/10\/Sol.licitud_Fraccionament-SUCCESIU_pagament_deute_tributari_sense_garantia_-VAL_saltv-editable.pdf\" rel=\"noopener\" target=\"_blank\"> <em ><svg aria-hidden=\"true\"><use href=\"#tf-fas-file-arrow-down\"><\/use><\/svg><\/em> Sol\u00b7licitud fraccionament succesiu pagament deute tributari sense garantia <\/a>\n<a href=\"https:\/\/quatretonda.es\/wp-content\/uploads\/2024\/10\/SolicitudDeclaracionAlteracionCatastralVal.pdf\" rel=\"noopener\" target=\"_blank\"> <em ><svg aria-hidden=\"true\"><use href=\"#tf-fas-file-arrow-down\"><\/use><\/svg><\/em> Sol\u00b7licitud declaraci\u00f3 alteraci\u00f3 cadastral <\/a>\n<a href=\"https:\/\/quatretonda.es\/wp-content\/uploads\/2024\/10\/SolicitudDivisionQuota.pdf\" rel=\"noopener\" target=\"_blank\"> <em ><svg aria-hidden=\"true\"><use href=\"#tf-fas-file-arrow-down\"><\/use><\/svg><\/em> Sol\u00b7licitud divisi\u00f3 de quota <\/a>\n<h2>Ordenances<\/h2>\n<a href=\"https:\/\/quatretonda.es\/wp-content\/uploads\/2024\/10\/ordenanca_municipal_reguladora_de_participacio.pdf\" rel=\"noopener\" target=\"_blank\"> <em ><svg aria-hidden=\"true\"><use href=\"#tf-fas-file-arrow-down\"><\/use><\/svg><\/em> Ordenan\u00e7a municipal reguladora de participaci\u00f3 ciutadana 2015 <\/a>\n<a href=\"https:\/\/quatretonda.es\/wp-content\/uploads\/2024\/10\/modificacio-ordenanca-fiscal-llicencies-urbanistiques.pdf\" rel=\"noopener\" target=\"_blank\"> <em ><svg aria-hidden=\"true\"><use href=\"#tf-fas-file-arrow-down\"><\/use><\/svg><\/em> Modificaci\u00f3 de l'Ordenan\u00e7a fiscal de l'impost sobre construccions, instal\u00b7lacions i obres 2014 <\/a>\n<a href=\"https:\/\/quatretonda.es\/wp-content\/uploads\/2024\/10\/ordenancafiscalivtmmodificacio2014.pdf\" rel=\"noopener\" target=\"_blank\"> <em ><svg aria-hidden=\"true\"><use href=\"#tf-fas-file-arrow-down\"><\/use><\/svg><\/em> Modificaci\u00f3 de l'Ordenan\u00e7a fiscal reguladora de l'impost sobre vehicles de tracci\u00f3 mec\u00e0nica 2014 <\/a>\n<a href=\"https:\/\/quatretonda.es\/wp-content\/uploads\/2024\/10\/ordenanca-fiscal-llicecia-apertura.pdf\" rel=\"noopener\" target=\"_blank\"> <em ><svg aria-hidden=\"true\"><use href=\"#tf-fas-file-arrow-down\"><\/use><\/svg><\/em> Ordenan\u00e7a reguladora de la taxa per atorgament de les llic\u00e8ncies d'apertura d'establiments 2011 <\/a>\n<a href=\"https:\/\/quatretonda.es\/wp-content\/uploads\/2024\/10\/ordenancafiscalusedificisinstalcionsmunicipals_0.pdf\" rel=\"noopener\" target=\"_blank\"> <em ><svg aria-hidden=\"true\"><use href=\"#tf-fas-file-arrow-down\"><\/use><\/svg><\/em> Ordenan\u00e7a fiscal reguladora de la utilitzaci\u00f3 temporal d'edificis, locals i instal\u00b7lacions 2014 <\/a>\n<a href=\"https:\/\/quatretonda.es\/wp-content\/uploads\/2024\/10\/reglamentregistreparellesdefet.pdf\" rel=\"noopener\" target=\"_blank\"> <em ><svg aria-hidden=\"true\"><use href=\"#tf-fas-file-arrow-down\"><\/use><\/svg><\/em> Reglament regulador del Registre de Parelles de Fet 2007 <\/a>\n<a href=\"https:\/\/quatretonda.es\/wp-content\/uploads\/2024\/10\/ordenancatransitcascurba.pdf\" rel=\"noopener\" target=\"_blank\"> <em ><svg aria-hidden=\"true\"><use href=\"#tf-fas-file-arrow-down\"><\/use><\/svg><\/em> Ordenan\u00e7a reguladora del tr\u00e0fic al nucli urb\u00e0 2011 <\/a>\n<a href=\"https:\/\/quatretonda.es\/wp-content\/uploads\/2024\/10\/ordenancadelcampbopv2842003.pdf\" rel=\"noopener\" target=\"_blank\"> <em ><svg aria-hidden=\"true\"><use href=\"#tf-fas-file-arrow-down\"><\/use><\/svg><\/em> Ordenan\u00e7a del camp 2003 <\/a>\n<a href=\"https:\/\/quatretonda.es\/wp-content\/uploads\/2024\/10\/declaraciopnmunicipalserradequatretonda.pdf\" rel=\"noopener\" target=\"_blank\"> <em ><svg aria-hidden=\"true\"><use href=\"#tf-fas-file-arrow-down\"><\/use><\/svg><\/em> Declaraci\u00f3 del Paratge Natural Municipal \"Serra de Quatretonda\" 2006 <\/a>\n<a href=\"https:\/\/quatretonda.es\/wp-content\/uploads\/2024\/10\/ordenancafiscalescolainfantil.pdf\" rel=\"noopener\" target=\"_blank\"> <em ><svg aria-hidden=\"true\"><use href=\"#tf-fas-file-arrow-down\"><\/use><\/svg><\/em> Ordenan\u00e7a fiscal reguladora de tarifes per la prestaci\u00f3 de servicis en l'Escola Infantil Municipal 2011 <\/a>\n<a href=\"https:\/\/quatretonda.es\/wp-content\/uploads\/2024\/10\/aprovdefinitivaderogacioordtules_0.pdf\" rel=\"noopener\" target=\"_blank\"> <em ><svg aria-hidden=\"true\"><use href=\"#tf-fas-file-arrow-down\"><\/use><\/svg><\/em> Derogaci\u00f3 de l'Ordenan\u00e7a de la taxa per ocupaci\u00f3 de la via p\u00fablica amb taules i cadires 2011 <\/a>\n<a href=\"https:\/\/quatretonda.es\/wp-content\/uploads\/2024\/10\/basesconcessiosubvencions_0.pdf\" rel=\"noopener\" target=\"_blank\"> <em ><svg aria-hidden=\"true\"><use href=\"#tf-fas-file-arrow-down\"><\/use><\/svg><\/em> Aprovaci\u00f3 definitiva de bases de concessi\u00f3 de subvencions 2011 <\/a>\n<a href=\"https:\/\/quatretonda.es\/wp-content\/uploads\/2024\/10\/edicteaprovaciodefinitivamodificacioordenancaibi_0.pdf\" rel=\"noopener\" target=\"_blank\"> Modificaci\u00f3 de l'ordenan\u00e7a fiscal reguladora de l'impost sobre b\u00e9ns immobles 2014 <\/a>\n<a href=\"https:\/\/quatretonda.es\/wp-content\/uploads\/2024\/10\/ordenancaadministracioelectronica.pdf\" rel=\"noopener\" target=\"_blank\"> <em ><svg aria-hidden=\"true\"><use href=\"#tf-fas-file-arrow-down\"><\/use><\/svg><\/em> Ordenan\u00e7a de registre electr\u00f2nic 2011 <\/a>\n<a href=\"https:\/\/quatretonda.es\/wp-content\/uploads\/2024\/10\/aprovaciodefinitivamodificaciotarifesescolainfantil.pdf\" rel=\"noopener\" target=\"_blank\"> <em ><svg aria-hidden=\"true\"><use href=\"#tf-fas-file-arrow-down\"><\/use><\/svg><\/em> Modificaci\u00f3 de l'Ordenan\u00e7a de les tarifes de servicis en l'Escola Infantil Municipal 2015 <\/a>\n<a href=\"https:\/\/quatretonda.es\/wp-content\/uploads\/2024\/10\/aprovaciodefinitivaordenancapresuspublicsserveidemenjadorescolar.pdf\" rel=\"noopener\" target=\"_blank\"> <em ><svg aria-hidden=\"true\"><use href=\"#tf-fas-file-arrow-down\"><\/use><\/svg><\/em> Ordenan\u00e7a dels preus per la prestaci\u00f3 del servei de menjador en l'Escola Infantil Municipal 2015 <\/a>\n<a href=\"https:\/\/quatretonda.es\/wp-content\/uploads\/2024\/10\/aprovaciodefinitivareglamentsconsellssectorials.pdf\" rel=\"noopener\" target=\"_blank\"> <em ><svg aria-hidden=\"true\"><use href=\"#tf-fas-file-arrow-down\"><\/use><\/svg><\/em> Reglaments d'Organitzaci\u00f3 i Funcionament dels Consells Sectorials 2015 <\/a>\n<a href=\"https:\/\/quatretonda.es\/wp-content\/uploads\/2024\/10\/reglament_consell_promocio_economica_de_quatretonda.pdf\" rel=\"noopener\" target=\"_blank\"> <em ><svg aria-hidden=\"true\"><use href=\"#tf-fas-file-arrow-down\"><\/use><\/svg><\/em> Reglament d'Organitzaci\u00f3 i Funcionament del Consell Econ\u00f2mic i Social 2016 <\/a>\n<a href=\"https:\/\/quatretonda.es\/wp-content\/uploads\/2024\/10\/ordenancareguladoradepreuspublicsprestacioserveisiactvitatsmunicipals.pdf\" rel=\"noopener\" target=\"_blank\"> <em ><svg aria-hidden=\"true\"><use href=\"#tf-fas-file-arrow-down\"><\/use><\/svg><\/em> Ordenan\u00e7a de preus p\u00fablics per la prestaci\u00f3 de serveis i la realitzaci\u00f3 d'activitats municipals 2016 <\/a>\n<a href=\"https:\/\/quatretonda.es\/wp-content\/uploads\/2024\/10\/ordenanca-completa-ibi.pdf\" rel=\"noopener\" target=\"_blank\"> <em ><svg aria-hidden=\"true\"><use href=\"#tf-fas-file-arrow-down\"><\/use><\/svg><\/em> ORDENAN\u00c7A COMPLETA IBI <\/a>\n<h2>Plans locals<\/h2>\n<a href=\"https:\/\/quatretonda.es\/wp-content\/uploads\/2024\/10\/pla-local-de-cremes.pdf\" rel=\"noopener\" target=\"_blank\"> <em ><svg aria-hidden=\"true\"><use href=\"#tf-fas-file-arrow-down\"><\/use><\/svg><\/em> Pl\u00e0 local de cremes <\/a>\n<a href=\"https:\/\/quatretonda.es\/wp-content\/uploads\/2024\/10\/20230509_I-PLA-MUNICIPAL-DIGUALTAT-DE-DONES-I-HOMES-DE-QUATRETONDA-1_0.pdf\" rel=\"noopener\" target=\"_blank\"> <em ><svg aria-hidden=\"true\"><use href=\"#tf-fas-file-arrow-down\"><\/use><\/svg><\/em> I PLA MUNICIPAL D'IGUALTAT DE DONES Y HOMES DE QUATRETONDA 2019-2022 <\/a>\n<a href=\"https:\/\/quatretonda.es\/wp-content\/uploads\/2024\/10\/20230406_3.-II-PLA-MUNICIPAL-DIGUALTAT-DOPORTUNITATS-DE-DONES-I-HOMES-DE-QUATRETONDA-3_compressed.pdf\" rel=\"noopener\" target=\"_blank\"> <em ><svg aria-hidden=\"true\"><use href=\"#tf-fas-file-arrow-down\"><\/use><\/svg><\/em> II PLA MUNICIPAL D'IGUALTAT D'OPORTUNITATS DE DONES I HOMES DE QUATRETONDA 2023-2027 <\/a>\n<h2>Urbanisme<\/h2>\n<a href=\"https:\/\/quatretonda.es\/wp-content\/uploads\/2024\/10\/ordenanzasbopn-851998_compressed.pdf\" rel=\"noopener\" target=\"_blank\"> <em ><svg aria-hidden=\"true\"><use href=\"#tf-fas-file-arrow-down\"><\/use><\/svg><\/em> Ordenances bopn-851998 <\/a>\n<a href=\"https:\/\/quatretonda.es\/wp-content\/uploads\/2024\/10\/memoria.pdf\" rel=\"noopener\" target=\"_blank\"> <em ><svg aria-hidden=\"true\"><use href=\"#tf-fas-file-arrow-down\"><\/use><\/svg><\/em> Mem\u00f2ria <\/a>\n<h2>Perfil del contactant<\/h2>\n<a href=\"https:\/\/quatretonda.es\/wp-content\/uploads\/2024\/10\/contracte_compressed.pdf\" rel=\"noopener\" target=\"_blank\"> <em ><svg aria-hidden=\"true\"><use href=\"#tf-fas-file-arrow-down\"><\/use><\/svg><\/em> Millora d'infraestructures urbanes. Contracte <\/a>\n<a href=\"https:\/\/quatretonda.es\/wp-content\/uploads\/2024\/10\/pcap.pdf\" rel=\"noopener\" target=\"_blank\"> <em ><svg aria-hidden=\"true\"><use href=\"#tf-fas-file-arrow-down\"><\/use><\/svg><\/em> Millora d'infraestructures urbanes. PCAP <\/a>\n<a href=\"https:\/\/quatretonda.es\/wp-content\/uploads\/2024\/10\/decret_adjudicacio.pdf\" rel=\"noopener\" target=\"_blank\"> <em ><svg aria-hidden=\"true\"><use href=\"#tf-fas-file-arrow-down\"><\/use><\/svg><\/em> Millora d'infraestructures urbanes. Decret d'adjudicaci\u00f3 <\/a>\n<a href=\"https:\/\/quatretonda.es\/wp-content\/uploads\/2024\/10\/plecs_administratius_pastos_serra.pdf\" rel=\"noopener\" target=\"_blank\"> <em ><svg aria-hidden=\"true\"><use href=\"#tf-fas-file-arrow-down\"><\/use><\/svg><\/em> Plecs administratius adjudicaci\u00f3 pastos serra (5\/2\/2020) <\/a>\n<a href=\"https:\/\/quatretonda.es\/wp-content\/uploads\/2024\/10\/relacion_anual_contratos_2019.pdf\" rel=\"noopener\" target=\"_blank\"> <em ><svg aria-hidden=\"true\"><use href=\"#tf-fas-file-arrow-down\"><\/use><\/svg><\/em> Relaci\u00f3 anual de contractes (26\/02\/2020) <\/a>\n<a href=\"https:\/\/quatretonda.es\/wp-content\/uploads\/2024\/10\/doc20200529173546pcapyppt.pdf\" rel=\"noopener\" target=\"_blank\"> <em ><svg aria-hidden=\"true\"><use href=\"#tf-fas-file-arrow-down\"><\/use><\/svg><\/em> Plec contracte manteniment enllumenat i magafonia (01\/06\/2020) <\/a>\n<a href=\"https:\/\/quatretonda.es\/wp-content\/uploads\/2024\/10\/6._acta_mesa_apertura_de_sobres.pdf\" rel=\"noopener\" target=\"_blank\"> <em ><svg aria-hidden=\"true\"><use href=\"#tf-fas-file-arrow-down\"><\/use><\/svg><\/em> Acta licitaci\u00f3 perruqueria centre social <\/a>\n<a href=\"https:\/\/quatretonda.es\/wp-content\/uploads\/2024\/10\/DOC_PIN2021-554908.pdf\" rel=\"noopener\" target=\"_blank\"> <em ><svg aria-hidden=\"true\"><use href=\"#tf-fas-file-arrow-down\"><\/use><\/svg><\/em> Edifici poliestportiu. Anunci previ plataforma contractaci\u00f3 <\/a>\n<a href=\"https:\/\/quatretonda.es\/wp-content\/uploads\/2024\/10\/DOC_CD2021-556418.pdf\" rel=\"noopener\" target=\"_blank\"> <em ><svg aria-hidden=\"true\"><use href=\"#tf-fas-file-arrow-down\"><\/use><\/svg><\/em> Edifici poliesportiu. Dades contracte <\/a>\n<a href=\"https:\/\/quatretonda.es\/wp-content\/uploads\/2024\/10\/DOC20210129111737proyecto.pdf\" rel=\"noopener\" target=\"_blank\"> <em ><svg aria-hidden=\"true\"><use href=\"#tf-fas-file-arrow-down\"><\/use><\/svg><\/em> Edifici poliesportiu. Projecte <\/a>\n<a href=\"https:\/\/quatretonda.es\/wp-content\/uploads\/2024\/10\/DOC20210129111609PCAP.pdf\" rel=\"noopener\" target=\"_blank\"> <em ><svg aria-hidden=\"true\"><use href=\"#tf-fas-file-arrow-down\"><\/use><\/svg><\/em> Edifici poliesportiu. Plec cl\u00e0usules administratives <\/a>\n<a href=\"https:\/\/quatretonda.es\/wp-content\/uploads\/2024\/10\/DOC20210129111552PPT_.pdf\" rel=\"noopener\" target=\"_blank\"> <em ><svg aria-hidden=\"true\"><use href=\"#tf-fas-file-arrow-down\"><\/use><\/svg><\/em> Edifici poliesportiu. Plec cl\u00e0usules t\u00e8cniques <\/a>\n<a href=\"https:\/\/quatretonda.es\/wp-content\/uploads\/2024\/10\/PCSP-MILLORA-CICLE-INTEGRAL-DE-LAIGUA.pdf\" rel=\"noopener\" target=\"_blank\"> <em ><svg aria-hidden=\"true\"><use href=\"#tf-fas-file-arrow-down\"><\/use><\/svg><\/em> Millora cicle integral de l'aigua <\/a>\n<a href=\"https:\/\/quatretonda.es\/wp-content\/uploads\/2024\/10\/PLACSE-CAMI-.pdf\" rel=\"noopener\" target=\"_blank\"> <em ><svg aria-hidden=\"true\"><use href=\"#tf-fas-file-arrow-down\"><\/use><\/svg><\/em> Cam\u00ed serra i baixada font de mahiques <\/a>\n<a href=\"https:\/\/quatretonda.es\/wp-content\/uploads\/2024\/10\/anunci-ninxos.pdf\" rel=\"noopener\" target=\"_blank\"> <em ><svg aria-hidden=\"true\"><use href=\"#tf-fas-file-arrow-down\"><\/use><\/svg><\/em> Ninxos cementeri municipal <\/a>\n<a href=\"https:\/\/quatretonda.es\/wp-content\/uploads\/2024\/10\/ANUNCIO-PLACSE.pdf\" rel=\"noopener\" target=\"_blank\"> <em ><svg aria-hidden=\"true\"><use href=\"#tf-fas-file-arrow-down\"><\/use><\/svg><\/em> Aprofitaments ap\u00edcoles <\/a>\n<a href=\"https:\/\/quatretonda.es\/wp-content\/uploads\/2024\/10\/DOC20211115115203PLECADMINISTRATIVASPASTOS_0.pdf\" rel=\"noopener\" target=\"_blank\"> <em ><svg aria-hidden=\"true\"><use href=\"#tf-fas-file-arrow-down\"><\/use><\/svg><\/em> Pastures. Cl\u00e0usules administratives <\/a>\n<a href=\"https:\/\/quatretonda.es\/wp-content\/uploads\/2024\/10\/DOC20211115115147PLECTECNIQUESPASTOS_0.pdf\" rel=\"noopener\" target=\"_blank\"> <em ><svg aria-hidden=\"true\"><use href=\"#tf-fas-file-arrow-down\"><\/use><\/svg><\/em> Pastures. Cl\u00e0sules t\u00e8cniques <\/a>\n<a href=\"https:\/\/quatretonda.es\/wp-content\/uploads\/2024\/10\/20220627_Contracte_Plec-de-clausules_PLEC-BAR-CENTRE-SOCIAL-2022.pdf\" rel=\"noopener\" target=\"_blank\"> <em ><svg aria-hidden=\"true\"><use href=\"#tf-fas-file-arrow-down\"><\/use><\/svg><\/em> BAR CENTRE SOCIAL. PLEC <\/a>\n<a href=\"https:\/\/quatretonda.es\/wp-content\/uploads\/2024\/10\/20220627_Comunicacio_Convocatoria_5.-ANUNCI-LICITACIO.pdf\" rel=\"noopener\" target=\"_blank\"> <em ><svg aria-hidden=\"true\"><use href=\"#tf-fas-file-arrow-down\"><\/use><\/svg><\/em> BAR CENTRE SOCIAL. ANUNCI LICITACI\u00d3 <\/a>\n<h2>Pagament a prove\u00efdors<\/h2>\n<img src=\"https:\/\/quatretonda.es\/wp-content\/uploads\/2024\/10\/screencapture-quatretonda-es-pagina-periodo-medio-pago-proveedores-2024-10-09-03_26_23-1.png\" title=\"screencapture-quatretonda-es-pagina-periodo-medio-pago-proveedores-2024-10-09-03_26_23\" alt=\"screencapture-quatretonda-es-pagina-periodo-medio-pago-proveedores-2024-10-09-03_26_23\" srcset=\"https:\/\/quatretonda.es\/wp-content\/uploads\/2024\/10\/screencapture-quatretonda-es-pagina-periodo-medio-pago-proveedores-2024-10-09-03_26_23-1.png 1060w, https:\/\/quatretonda.es\/wp-content\/uploads\/2024\/10\/screencapture-quatretonda-es-pagina-periodo-medio-pago-proveedores-2024-10-09-03_26_23-1-103x300.png 103w, https:\/\/quatretonda.es\/wp-content\/uploads\/2024\/10\/screencapture-quatretonda-es-pagina-periodo-medio-pago-proveedores-2024-10-09-03_26_23-1-350x1024.png 350w, https:\/\/quatretonda.es\/wp-content\/uploads\/2024\/10\/screencapture-quatretonda-es-pagina-periodo-medio-pago-proveedores-2024-10-09-03_26_23-1-768x2244.png 768w, https:\/\/quatretonda.es\/wp-content\/uploads\/2024\/10\/screencapture-quatretonda-es-pagina-periodo-medio-pago-proveedores-2024-10-09-03_26_23-1-526x1536.png 526w, https:\/\/quatretonda.es\/wp-content\/uploads\/2024\/10\/screencapture-quatretonda-es-pagina-periodo-medio-pago-proveedores-2024-10-09-03_26_23-1-701x2048.png 701w, https:\/\/quatretonda.es\/wp-content\/uploads\/2024\/10\/screencapture-quatretonda-es-pagina-periodo-medio-pago-proveedores-2024-10-09-03_26_23-1-4x12.png 4w\" sizes=\"(max-width: 1060px) 100vw, 1060px\" \/>","_links":{"self":[{"href":"https:\/\/quatretonda.es\/es\/wp-json\/wp\/v2\/pages\/877","targetHints":{"allow":["GET"]}}],"collection":[{"href":"https:\/\/quatretonda.es\/es\/wp-json\/wp\/v2\/pages"}],"about":[{"href":"https:\/\/quatretonda.es\/es\/wp-json\/wp\/v2\/types\/page"}],"author":[{"embeddable":true,"href":"https:\/\/quatretonda.es\/es\/wp-json\/wp\/v2\/users\/1"}],"replies":[{"embeddable":true,"href":"https:\/\/quatretonda.es\/es\/wp-json\/wp\/v2\/comments?post=877"}],"version-history":[{"count":36,"href":"https:\/\/quatretonda.es\/es\/wp-json\/wp\/v2\/pages\/877\/revisions"}],"predecessor-version":[{"id":1803,"href":"https:\/\/quatretonda.es\/es\/wp-json\/wp\/v2\/pages\/877\/revisions\/1803"}],"up":[{"embeddable":true,"href":"https:\/\/quatretonda.es\/es\/wp-json\/wp\/v2\/pages\/778"}],"wp:attachment":[{"href":"https:\/\/quatretonda.es\/es\/wp-json\/wp\/v2\/media?parent=877"}],"curies":[{"name":"wp","href":"https:\/\/api.w.org\/{rel}","templated":true}]}}